{"id":13452,"date":"2023-08-04T13:24:26","date_gmt":"2023-08-04T13:24:26","guid":{"rendered":"http:\/\/875jahrekirchgoens.de\/willkommen-auf-http-875jahrekirchgoens-de\/"},"modified":"2025-11-16T12:43:58","modified_gmt":"2025-11-16T12:43:58","slug":"willkommen-auf-http-875jahrekirchgoens-de","status":"publish","type":"page","link":"http:\/\/875jahrekirchgoens.de\/","title":{"rendered":"Kirch-G\u00f6ns wird 875 Jahre alt!"},"content":{"rendered":"\n<p class=\"has-text-align-center has-text-color has-background has-x-large-font-size\" style=\"color:#841000;background-color:#c0c0c0\"><strong>Der n\u00f6rdlichste Stadtteil Butzbachs  feiert 2025 sein 875-j\u00e4hriges Bestehen &#8211;  das muss gefeiert werden!<\/strong><\/p>\n\n\n\n<p class=\"has-text-align-center has-medium-font-size\">1<strong>8 Engagierte aus Kirch-G\u00f6nser Vereinen erhalten Landesehrenbrief<\/strong><\/p>\n\n\n\n<figure class=\"wp-block-image size-large\"><img loading=\"lazy\" decoding=\"async\" width=\"1024\" height=\"673\" src=\"https:\/\/875jahrekirchgoens.de\/wp-content\/uploads\/2025\/11\/grafik-26-1024x673.png\" alt=\"\" class=\"wp-image-16659\" srcset=\"http:\/\/875jahrekirchgoens.de\/wp-content\/uploads\/2025\/11\/grafik-26-1024x673.png 1024w, http:\/\/875jahrekirchgoens.de\/wp-content\/uploads\/2025\/11\/grafik-26-300x197.png 300w, http:\/\/875jahrekirchgoens.de\/wp-content\/uploads\/2025\/11\/grafik-26-768x505.png 768w, http:\/\/875jahrekirchgoens.de\/wp-content\/uploads\/2025\/11\/grafik-26.png 1080w\" sizes=\"auto, (max-width: 1024px) 100vw, 1024px\" \/><\/figure>\n\n\n\n<p class=\"has-text-align-center\"><\/p>\n\n\n\n<p class=\"has-text-align-center has-large-font-size\"><a href=\"http:\/\/875jahrekirchgoens.de\/?page_id=13472\">Die neue Chronik 2000 &#8211; 2025 ist online!<\/a><\/p>\n\n\n\n<figure class=\"wp-block-video\"><video controls src=\"http:\/\/875jahrekirchgoens.de\/wp-content\/uploads\/2024\/10\/16-9.mov\"><\/video><\/figure>\n\n\n\n<h2 class=\"wp-block-heading has-text-align-center\">Wahnsinn! <\/h2>\n\n\n\n<h2 class=\"wp-block-heading has-text-align-center\">\u00dcber 600 (ehemalige) Kirch-G\u00f6nser B\u00fcrgerinnen und B\u00fcrger haben an diesem tollen Event teilgenommen!<br>Ein Dorf f\u00fcr Alle &#8211; ein Dorf MIT Allen<\/h2>\n\n\n\n<figure class=\"wp-block-gallery has-nested-images columns-default is-cropped wp-block-gallery-1 is-layout-flex wp-block-gallery-is-layout-flex\">\n<figure class=\"wp-block-image size-large\"><img loading=\"lazy\" decoding=\"async\" width=\"1024\" height=\"527\" data-id=\"15699\" src=\"http:\/\/875jahrekirchgoens.de\/wp-content\/uploads\/2024\/09\/2024_08_31_875-Jahre-Kirch-Goens-Drohnenbilder-358-1-1024x527.jpg\" alt=\"\" class=\"wp-image-15699\" srcset=\"http:\/\/875jahrekirchgoens.de\/wp-content\/uploads\/2024\/09\/2024_08_31_875-Jahre-Kirch-Goens-Drohnenbilder-358-1-1024x527.jpg 1024w, http:\/\/875jahrekirchgoens.de\/wp-content\/uploads\/2024\/09\/2024_08_31_875-Jahre-Kirch-Goens-Drohnenbilder-358-1-300x154.jpg 300w, http:\/\/875jahrekirchgoens.de\/wp-content\/uploads\/2024\/09\/2024_08_31_875-Jahre-Kirch-Goens-Drohnenbilder-358-1-768x395.jpg 768w, http:\/\/875jahrekirchgoens.de\/wp-content\/uploads\/2024\/09\/2024_08_31_875-Jahre-Kirch-Goens-Drohnenbilder-358-1.jpg 1396w\" sizes=\"auto, (max-width: 1024px) 100vw, 1024px\" \/><\/figure>\n<\/figure>\n\n\n\n<p class=\"has-text-align-center\"><\/p>\n\n\n\n","protected":false},"excerpt":{"rendered":"<p>Der n\u00f6rdlichste Stadtteil Butzbachs feiert 2025 sein 875-j\u00e4hriges Bestehen &#8211; das muss gefeiert werden! 18 Engagierte aus Kirch-G\u00f6nser Vereinen erhalten Landesehrenbrief Die neue Chronik 2000 &#8211; 2025 ist online! Wahnsinn! \u00dcber 600 (ehemalige) Kirch-G\u00f6nser B\u00fcrgerinnen und B\u00fcrger haben an diesem tollen Event teilgenommen!Ein Dorf f\u00fcr Alle &#8211; ein Dorf MIT Allen<\/p>\n","protected":false},"author":1,"featured_media":0,"parent":0,"menu_order":0,"comment_status":"closed","ping_status":"open","template":"","meta":{"footnotes":""},"class_list":["post-13452","page","type-page","status-publish"],"_links":{"self":[{"href":"http:\/\/875jahrekirchgoens.de\/index.php?rest_route=\/wp\/v2\/pages\/13452","targetHints":{"allow":["GET"]}}],"collection":[{"href":"http:\/\/875jahrekirchgoens.de\/index.php?rest_route=\/wp\/v2\/pages"}],"about":[{"href":"http:\/\/875jahrekirchgoens.de\/index.php?rest_route=\/wp\/v2\/types\/page"}],"author":[{"embeddable":true,"href":"http:\/\/875jahrekirchgoens.de\/index.php?rest_route=\/wp\/v2\/users\/1"}],"replies":[{"embeddable":true,"href":"http:\/\/875jahrekirchgoens.de\/index.php?rest_route=%2Fwp%2Fv2%2Fcomments&post=13452"}],"version-history":[{"count":30,"href":"http:\/\/875jahrekirchgoens.de\/index.php?rest_route=\/wp\/v2\/pages\/13452\/revisions"}],"predecessor-version":[{"id":17309,"href":"http:\/\/875jahrekirchgoens.de\/index.php?rest_route=\/wp\/v2\/pages\/13452\/revisions\/17309"}],"wp:attachment":[{"href":"http:\/\/875jahrekirchgoens.de\/index.php?rest_route=%2Fwp%2Fv2%2Fmedia&parent=13452"}],"curies":[{"name":"wp","href":"https:\/\/api.w.org\/{rel}","templated":true}]}}