{"id":15927,"date":"2024-12-17T23:53:20","date_gmt":"2024-12-17T23:53:20","guid":{"rendered":"http:\/\/875jahrekirchgoens.de\/?page_id=15927"},"modified":"2024-12-17T23:59:21","modified_gmt":"2024-12-17T23:59:21","slug":"1981-1990","status":"publish","type":"page","link":"http:\/\/875jahrekirchgoens.de\/?page_id=15927","title":{"rendered":"1981 &#8211; 1990"},"content":{"rendered":"\n<table id=\"tablepress-8\" class=\"tablepress tablepress-id-8\">\n<thead>\n<tr class=\"row-1\">\n\t<th class=\"column-1\"><strong>1981<strong><\/th><td class=\"column-2\"><\/td><td class=\"column-3\"><\/td>\n<\/tr>\n<\/thead>\n<tbody class=\"row-striping row-hover\">\n<tr class=\"row-2\">\n\t<td class=\"column-1\"><strong>1982<strong><\/td><td class=\"column-2\"><\/td><td class=\"column-3\"><\/td>\n<\/tr>\n<tr class=\"row-3\">\n\t<td class=\"column-1\"><strong>1983<strong><\/td><td class=\"column-2\"><\/td><td class=\"column-3\"><\/td>\n<\/tr>\n<tr class=\"row-4\">\n\t<td class=\"column-1\"><strong>1984<strong><\/td><td class=\"column-2\"><\/td><td class=\"column-3\"><\/td>\n<\/tr>\n<tr class=\"row-5\">\n\t<td class=\"column-1\"><strong>1985<strong><\/td><td class=\"column-2\"><\/td><td class=\"column-3\"><\/td>\n<\/tr>\n<tr class=\"row-6\">\n\t<td class=\"column-1\"><\/td><td class=\"column-2\">02.07.1985<\/td><td class=\"column-3\"><a href=\"https:\/\/875jahrekirchgoens.de\/?p=16938\">Kirch-G\u00f6nser Spielleute gehen neue Wege<\/a><\/td>\n<\/tr>\n<tr class=\"row-7\">\n\t<td class=\"column-1\"><\/td><td class=\"column-2\">08.07.1985<\/td><td class=\"column-3\"><a href=\"https:\/\/875jahrekirchgoens.de\/?p=16524\">Freudenspender im blauen Rock der Feuerwehr<\/a><\/td>\n<\/tr>\n<tr class=\"row-8\">\n\t<td class=\"column-1\"><strong>1986<strong><\/td><td class=\"column-2\"><\/td><td class=\"column-3\"><\/td>\n<\/tr>\n<tr class=\"row-9\">\n\t<td class=\"column-1\"><\/td><td class=\"column-2\">25.06.1986<\/td><td class=\"column-3\"><a href=\"http:\/\/875jahrekirchgoens.de\/?p=15302\">25 Jahre Kreissparkasse in Kirch-G\u00f6ns<\/a><\/td>\n<\/tr>\n<tr class=\"row-10\">\n\t<td class=\"column-1\"><strong>1987<strong><\/td><td class=\"column-2\"><\/td><td class=\"column-3\"><\/td>\n<\/tr>\n<tr class=\"row-11\">\n\t<td class=\"column-1\"><\/td><td class=\"column-2\">15.09.1987<\/td><td class=\"column-3\"><a href=\"http:\/\/875jahrekirchgoens.de\/?p=15202\" rel=\"noopener\" target=\"_blank\">Trimm-Dich-Tag des TV Kirch-G\u00f6ns<\/a><\/td>\n<\/tr>\n<tr class=\"row-12\">\n\t<td class=\"column-1\"><\/td><td class=\"column-2\">30.09.1987<\/td><td class=\"column-3\"><a href=\"http:\/\/875jahrekirchgoens.de\/?p=16196\" rel=\"noopener\" target=\"_blank\">2500 Feuerwehrleute kamen nach Friedberg<\/a><\/td>\n<\/tr>\n<tr class=\"row-13\">\n\t<td class=\"column-1\"><\/td><td class=\"column-2\">03.11.1987<\/td><td class=\"column-3\"><a href=\"http:\/\/875jahrekirchgoens.de\/?p=15196\" rel=\"noopener\" target=\"_blank\">Riesenstimmung beim ersten Oktoberfest<\/a><\/td>\n<\/tr>\n<tr class=\"row-14\">\n\t<td class=\"column-1\"><\/td><td class=\"column-2\">14.11.1987<\/td><td class=\"column-3\"><a href=\"http:\/\/875jahrekirchgoens.de\/?p=15190\" rel=\"noopener\" target=\"_blank\">Heeresmuskkorps 5 aus Gie\u00dfen begeisterte<\/a><\/td>\n<\/tr>\n<tr class=\"row-15\">\n\t<td class=\"column-1\"><strong>1988<strong><\/td><td class=\"column-2\"><\/td><td class=\"column-3\"><\/td>\n<\/tr>\n<tr class=\"row-16\">\n\t<td class=\"column-1\"><\/td><td class=\"column-2\">10.03.1988<\/td><td class=\"column-3\"><a href=\"http:\/\/875jahrekirchgoens.de\/?p=15188\" rel=\"noopener\" target=\"_blank\">Stabf\u00fchrerwechsel im Spielmannszug Kirch-G\u00f6ns<\/a><\/td>\n<\/tr>\n<tr class=\"row-17\">\n\t<td class=\"column-1\"><\/td><td class=\"column-2\">12.04.1988<\/td><td class=\"column-3\"><a href=\"http:\/\/875jahrekirchgoens.de\/?p=16198\" rel=\"noopener\" target=\"_blank\">Vereinsfreundschaft stiftete Ehebund<\/a><\/td>\n<\/tr>\n<tr class=\"row-18\">\n\t<td class=\"column-1\"><\/td><td class=\"column-2\">28.04.1988<\/td><td class=\"column-3\"><a href=\"http:\/\/875jahrekirchgoens.de\/?p=16201\" rel=\"noopener\" target=\"_blank\">Kegelclub stiftete Geld f\u00fcr Jugendarbeit<\/a><\/td>\n<\/tr>\n<tr class=\"row-19\">\n\t<td class=\"column-1\"><\/td><td class=\"column-2\">27.06.1988<\/td><td class=\"column-3\"><a href=\"http:\/\/875jahrekirchgoens.de\/?p=15184\" rel=\"noopener\" target=\"_blank\">Bei Schwei\u00dfarbeiten brannte Pkw aus<\/a><\/td>\n<\/tr>\n<tr class=\"row-20\">\n\t<td class=\"column-1\"><\/td><td class=\"column-2\">30.06.1988<\/td><td class=\"column-3\"><a href=\"http:\/\/875jahrekirchgoens.de\/?p=16205\" rel=\"noopener\" target=\"_blank\">Spielmannszug-Nachwuchs im Zeltlager<\/a><\/td>\n<\/tr>\n<tr class=\"row-21\">\n\t<td class=\"column-1\"><\/td><td class=\"column-2\">03.08.1988<\/td><td class=\"column-3\"><a href=\"https:\/\/875jahrekirchgoens.de\/?p=16943\">Taubgasse in Kirch-G\u00f6ns spendete \u00fcber 1000 DM f\u00fcr Borken<\/a><\/td>\n<\/tr>\n<tr class=\"row-22\">\n\t<td class=\"column-1\"><\/td><td class=\"column-2\">15.09.1988<\/td><td class=\"column-3\"><a href=\"http:\/\/875jahrekirchgoens.de\/?p=15178\" rel=\"noopener\" target=\"_blank\">Fanfarennachwuchs ist t\u00fcchtig am \u00dcben<\/a><\/td>\n<\/tr>\n<tr class=\"row-23\">\n\t<td class=\"column-1\"><\/td><td class=\"column-2\">22.11.1988<\/td><td class=\"column-3\"><a href=\"http:\/\/875jahrekirchgoens.de\/?p=15175\" rel=\"noopener\" target=\"_blank\">SFZ unters Dach verbannt<\/a><\/td>\n<\/tr>\n<tr class=\"row-24\">\n\t<td class=\"column-1\"><strong>1989<strong><\/td><td class=\"column-2\"><\/td><td class=\"column-3\"><\/td>\n<\/tr>\n<tr class=\"row-25\">\n\t<td class=\"column-1\"><\/td><td class=\"column-2\">23.02.1989<\/td><td class=\"column-3\"><a href=\"http:\/\/875jahrekirchgoens.de\/?p=15173\" rel=\"noopener\" target=\"_blank\">Heeresmusikkorps 5 kommt erneut<\/a><\/td>\n<\/tr>\n<tr class=\"row-26\">\n\t<td class=\"column-1\"><\/td><td class=\"column-2\">07.03.1989<\/td><td class=\"column-3\"><a href=\"http:\/\/875jahrekirchgoens.de\/?p=15170\" rel=\"noopener\" target=\"_blank\">Heeresmusikkorps 5 spielt morgen im B\u00fcrgerhaus<\/a><\/td>\n<\/tr>\n<tr class=\"row-27\">\n\t<td class=\"column-1\"><\/td><td class=\"column-2\">10.03.1989<\/td><td class=\"column-3\"><a href=\"http:\/\/875jahrekirchgoens.de\/?p=15168\" rel=\"noopener\" target=\"_blank\">Klagen und Humor<\/a><\/td>\n<\/tr>\n<tr class=\"row-28\">\n\t<td class=\"column-1\"><\/td><td class=\"column-2\">29.03.1989<\/td><td class=\"column-3\"><a href=\"http:\/\/875jahrekirchgoens.de\/?p=15166\" rel=\"noopener\" target=\"_blank\">Aufschwung in der Jugendarbeit<\/a><\/td>\n<\/tr>\n<tr class=\"row-29\">\n\t<td class=\"column-1\"><\/td><td class=\"column-2\">08.04.1989<\/td><td class=\"column-3\"><a href=\"http:\/\/875jahrekirchgoens.de\/?p=15164\" rel=\"noopener\" target=\"_blank\">Oberpf\u00e4lzer Abend<\/a><\/td>\n<\/tr>\n<tr class=\"row-30\">\n\t<td class=\"column-1\"><\/td><td class=\"column-2\">13.04.1989<\/td><td class=\"column-3\"><a href=\"http:\/\/875jahrekirchgoens.de\/?p=15161\" rel=\"noopener\" target=\"_blank\">Theatergruppe probt \u201eDie Pferdekur\u201c<\/a><\/td>\n<\/tr>\n<tr class=\"row-31\">\n\t<td class=\"column-1\"><\/td><td class=\"column-2\">21.04.1989<\/td><td class=\"column-3\"><a href=\"http:\/\/875jahrekirchgoens.de\/?p=15159\" rel=\"noopener\" target=\"_blank\">Oberpf\u00e4lzer Gaudi<\/a><\/td>\n<\/tr>\n<tr class=\"row-32\">\n\t<td class=\"column-1\"><\/td><td class=\"column-2\">24.05.1989<\/td><td class=\"column-3\"><a href=\"http:\/\/875jahrekirchgoens.de\/?p=16208\" rel=\"noopener\" target=\"_blank\">SFZ-Waldfest begann mit Gottesdienst<\/a><\/td>\n<\/tr>\n<tr class=\"row-33\">\n\t<td class=\"column-1\"><\/td><td class=\"column-2\">18.07.1989<\/td><td class=\"column-3\"><a href=\"https:\/\/875jahrekirchgoens.de\/?p=16947\">Taubgassen-Fest f\u00fcr guten Zweck<\/a><\/td>\n<\/tr>\n<tr class=\"row-34\">\n\t<td class=\"column-1\"><strong>1990<strong><\/td><td class=\"column-2\"><\/td><td class=\"column-3\"><\/td>\n<\/tr>\n<tr class=\"row-35\">\n\t<td class=\"column-1\"><\/td><td class=\"column-2\">30.07.1990<\/td><td class=\"column-3\"><a href=\"https:\/\/875jahrekirchgoens.de\/?p=16952\">Taubgassenfest in Kirch-G\u00f6ns<\/a><\/td>\n<\/tr>\n<\/tbody>\n<\/table>\n<!-- #tablepress-8 from cache -->","protected":false},"excerpt":{"rendered":"","protected":false},"author":1,"featured_media":0,"parent":13472,"menu_order":0,"comment_status":"closed","ping_status":"closed","template":"","meta":{"footnotes":""},"class_list":["post-15927","page","type-page","status-publish"],"_links":{"self":[{"href":"http:\/\/875jahrekirchgoens.de\/index.php?rest_route=\/wp\/v2\/pages\/15927","targetHints":{"allow":["GET"]}}],"collection":[{"href":"http:\/\/875jahrekirchgoens.de\/index.php?rest_route=\/wp\/v2\/pages"}],"about":[{"href":"http:\/\/875jahrekirchgoens.de\/index.php?rest_route=\/wp\/v2\/types\/page"}],"author":[{"embeddable":true,"href":"http:\/\/875jahrekirchgoens.de\/index.php?rest_route=\/wp\/v2\/users\/1"}],"replies":[{"embeddable":true,"href":"http:\/\/875jahrekirchgoens.de\/index.php?rest_route=%2Fwp%2Fv2%2Fcomments&post=15927"}],"version-history":[{"count":1,"href":"http:\/\/875jahrekirchgoens.de\/index.php?rest_route=\/wp\/v2\/pages\/15927\/revisions"}],"predecessor-version":[{"id":15928,"href":"http:\/\/875jahrekirchgoens.de\/index.php?rest_route=\/wp\/v2\/pages\/15927\/revisions\/15928"}],"up":[{"embeddable":true,"href":"http:\/\/875jahrekirchgoens.de\/index.php?rest_route=\/wp\/v2\/pages\/13472"}],"wp:attachment":[{"href":"http:\/\/875jahrekirchgoens.de\/index.php?rest_route=%2Fwp%2Fv2%2Fmedia&parent=15927"}],"curies":[{"name":"wp","href":"https:\/\/api.w.org\/{rel}","templated":true}]}}