{"id":15931,"date":"2024-12-17T23:54:44","date_gmt":"2024-12-17T23:54:44","guid":{"rendered":"http:\/\/875jahrekirchgoens.de\/?page_id=15931"},"modified":"2024-12-17T23:59:38","modified_gmt":"2024-12-17T23:59:38","slug":"2001-2010","status":"publish","type":"page","link":"http:\/\/875jahrekirchgoens.de\/?page_id=15931","title":{"rendered":"2001 &#8211; 2010"},"content":{"rendered":"\n<table id=\"tablepress-10\" class=\"tablepress tablepress-id-10\">\n<thead>\n<tr class=\"row-1\">\n\t<th class=\"column-1\"><strong>2001<strong><\/th><td class=\"column-2\"><\/td><td class=\"column-3\"><\/td>\n<\/tr>\n<\/thead>\n<tbody class=\"row-striping row-hover\">\n<tr class=\"row-2\">\n\t<td class=\"column-1\"><\/td><td class=\"column-2\">09.02.2001<\/td><td class=\"column-3\"><a href=\"https:\/\/875jahrekirchgoens.de\/?p=17225\">Kreismeistertitel f\u00fcr Peter Maiwald<\/a><\/td>\n<\/tr>\n<tr class=\"row-3\">\n\t<td class=\"column-1\"><\/td><td class=\"column-2\">07.04.2001<\/td><td class=\"column-3\"><a href=\"http:\/\/875jahrekirchgoens.de\/?p=15512\" rel=\"noopener\" target=\"_blank\">Backen f\u00fcr die Allgemeinheit<\/a><\/td>\n<\/tr>\n<tr class=\"row-4\">\n\t<td class=\"column-1\"><\/td><td class=\"column-2\">23.04.2001<\/td><td class=\"column-3\"><a href=\"http:\/\/875jahrekirchgoens.de\/?p=14853\" rel=\"noopener\" target=\"_blank\">TV Kirch-G\u00f6ns beschlie\u00dft einstimmig Spielgemeinschaft mit TSV Butzbach<\/a><\/td>\n<\/tr>\n<tr class=\"row-5\">\n\t<td class=\"column-1\"><\/td><td class=\"column-2\">24.04.2001<\/td><td class=\"column-3\"><a href=\"https:\/\/875jahrekirchgoens.de\/?p=17229\">Verj\u00fcngungskur im Vorstand des Kirch-G\u00f6nser Sch\u00fctzenvereins<\/a><\/td>\n<\/tr>\n<tr class=\"row-6\">\n\t<td class=\"column-1\"><\/td><td class=\"column-2\">28.04.2001<\/td><td class=\"column-3\"><a href=\"http:\/\/875jahrekirchgoens.de\/?p=13719\" rel=\"noopener\" target=\"_blank\">Mehrzweckhalle Kirch-\/Pohl-G\u00f6ns mit buten Programm eingeweiht<\/a><\/td>\n<\/tr>\n<tr class=\"row-7\">\n\t<td class=\"column-1\"><\/td><td class=\"column-2\">09.05.2001<\/td><td class=\"column-3\"><a href=\"https:\/\/875jahrekirchgoens.de\/?p=17233\">In Kirch-G\u00f6ns steht schon wieder ein Fest mit viel Musik ins Haus<\/a><\/td>\n<\/tr>\n<tr class=\"row-8\">\n\t<td class=\"column-1\"><\/td><td class=\"column-2\">09.05.2001<\/td><td class=\"column-3\"><a href=\"https:\/\/875jahrekirchgoens.de\/?p=17237\">Peter Braasch ist der neue Ortsvorsteher in Kirch-G\u00f6ns<\/a><\/td>\n<\/tr>\n<tr class=\"row-9\">\n\t<td class=\"column-1\"><\/td><td class=\"column-2\">28.05.2001<\/td><td class=\"column-3\"><a href=\"https:\/\/875jahrekirchgoens.de\/?p=17241\">Kirch-G\u00f6nser Butterlochskuchen f\u00fcr Ministerpr\u00e4sident<\/a><\/td>\n<\/tr>\n<tr class=\"row-10\">\n\t<td class=\"column-1\"><\/td><td class=\"column-2\">29.05.2001<\/td><td class=\"column-3\"><a href=\"https:\/\/875jahrekirchgoens.de\/?p=17246\">Die Bev\u00f6lkerung wurde mit Musik geweckt<\/a><\/td>\n<\/tr>\n<tr class=\"row-11\">\n\t<td class=\"column-1\"><\/td><td class=\"column-2\">29.05.2001<\/td><td class=\"column-3\"><a href=\"https:\/\/875jahrekirchgoens.de\/?p=17250\">Musik war Trumpf in Kirch-G\u00f6ns<\/a><\/td>\n<\/tr>\n<tr class=\"row-12\">\n\t<td class=\"column-1\"><\/td><td class=\"column-2\">09.06.2001<\/td><td class=\"column-3\"><a href=\"http:\/\/875jahrekirchgoens.de\/?p=15468\" rel=\"noopener\" target=\"_blank\">Das Aquarell des Kirch-G\u00f6nser \u2026<\/a><\/td>\n<\/tr>\n<tr class=\"row-13\">\n\t<td class=\"column-1\"><\/td><td class=\"column-2\">10.06.2001<\/td><td class=\"column-3\"><a href=\"https:\/\/875jahrekirchgoens.de\/?p=17254\">Im Hessenpark \u2026<\/a><\/td>\n<\/tr>\n<tr class=\"row-14\">\n\t<td class=\"column-1\"><\/td><td class=\"column-2\">23.07.2001<\/td><td class=\"column-3\"><a href=\"https:\/\/875jahrekirchgoens.de\/?p=17258\">Zum Patent anmelden \u2026<\/a><\/td>\n<\/tr>\n<tr class=\"row-15\">\n\t<td class=\"column-1\"><\/td><td class=\"column-2\">06.10.2001<\/td><td class=\"column-3\"><a href=\"https:\/\/875jahrekirchgoens.de\/?p=17262\">Jahresschie\u00dfen: Musikzug und Strickclub siegten<\/a><\/td>\n<\/tr>\n<tr class=\"row-16\">\n\t<td class=\"column-1\"><\/td><td class=\"column-2\">15.10.2001<\/td><td class=\"column-3\"><a href=\"https:\/\/875jahrekirchgoens.de\/?p=17265\">Kirch-G\u00f6nser Jugend tanzte in Ungarn<\/a><\/td>\n<\/tr>\n<tr class=\"row-17\">\n\t<td class=\"column-1\"><\/td><td class=\"column-2\">09.11.2001<\/td><td class=\"column-3\"><a href=\"https:\/\/875jahrekirchgoens.de\/?p=17312\">Die Kirch-G\u00f6nser Musiker schossen beim Jahresschie\u00dfen am besten<\/a><\/td>\n<\/tr>\n<tr class=\"row-18\">\n\t<td class=\"column-1\"><\/td><td class=\"column-2\">10.11.2001<\/td><td class=\"column-3\"><a href=\"https:\/\/875jahrekirchgoens.de\/?p=17316\">K\u00f6nigsschie\u00dfen in Kirch-G\u00f6ns<\/a><\/td>\n<\/tr>\n<tr class=\"row-19\">\n\t<td class=\"column-1\"><\/td><td class=\"column-2\">01.12.2001<\/td><td class=\"column-3\"><a href=\"http:\/\/875jahrekirchgoens.de\/?p=15463\" rel=\"noopener\" target=\"_blank\">Die alte H\u00fcttenberger Tracht konnte man am Samstag \u2026.<\/a><\/td>\n<\/tr>\n<tr class=\"row-20\">\n\t<td class=\"column-1\"><\/td><td class=\"column-2\">11.12.2001<\/td><td class=\"column-3\"><a href=\"https:\/\/875jahrekirchgoens.de\/?p=17320\">Jahrzehntelange S\u00e4ngerfreundschaft zwischen Kirch-G\u00f6ns und Z\u00fcrich<\/a><\/td>\n<\/tr>\n<tr class=\"row-21\">\n\t<td class=\"column-1\"><strong>2002<strong><\/td><td class=\"column-2\"><\/td><td class=\"column-3\"><\/td>\n<\/tr>\n<tr class=\"row-22\">\n\t<td class=\"column-1\"><\/td><td class=\"column-2\">30.01.2002<\/td><td class=\"column-3\"><a href=\"https:\/\/875jahrekirchgoens.de\/?p=17830\">Kurt Hartig aus Kirch-G\u00f6ns sicherte sich die Kreismeisterschaft<\/a><\/td>\n<\/tr>\n<tr class=\"row-23\">\n\t<td class=\"column-1\"><\/td><td class=\"column-2\">01.03.2002<\/td><td class=\"column-3\"><a href=\"https:\/\/875jahrekirchgoens.de\/?p=17838\">13 Jugendliebe neu\u00b7im Kirch-G\u00f6nser Sch\u00fctzenverein<\/a><\/td>\n<\/tr>\n<tr class=\"row-24\">\n\t<td class=\"column-1\"><\/td><td class=\"column-2\">06.04.2002<\/td><td class=\"column-3\"><a href=\"http:\/\/875jahrekirchgoens.de\/?p=15157\" rel=\"noopener\" target=\"_blank\">Er\u00f6ffnung Bahnhof<\/a><\/td>\n<\/tr>\n<tr class=\"row-25\">\n\t<td class=\"column-1\"><\/td><td class=\"column-2\">09.04.2002<\/td><td class=\"column-3\"><a href=\"https:\/\/875jahrekirchgoens.de\/?p=17841\">Rund um die Kartoffel<\/a><\/td>\n<\/tr>\n<tr class=\"row-26\">\n\t<td class=\"column-1\"><\/td><td class=\"column-2\">27.04.2002<\/td><td class=\"column-3\"><a href=\"https:\/\/875jahrekirchgoens.de\/?p=17845\">William Thum neuer Pfarrer in Kirch- und Pohl-G\u00f6ns<\/a><\/td>\n<\/tr>\n<tr class=\"row-27\">\n\t<td class=\"column-1\"><\/td><td class=\"column-2\">11.06.2002<\/td><td class=\"column-3\"><a href=\"http:\/\/875jahrekirchgoens.de\/?p=14848\" rel=\"noopener\" target=\"_blank\">Thorsten Metz l\u00f6st Rudi Weber ab<\/a><\/td>\n<\/tr>\n<tr class=\"row-28\">\n\t<td class=\"column-1\"><\/td><td class=\"column-2\">01.07.2002<\/td><td class=\"column-3\"><a href=\"https:\/\/875jahrekirchgoens.de\/?p=17848\">\u201eDie Lustigen F\u00fcnfzehn\u201c kegeln seit 36 Jahren<\/a><\/td>\n<\/tr>\n<tr class=\"row-29\">\n\t<td class=\"column-1\"><\/td><td class=\"column-2\">17.07.2002<\/td><td class=\"column-3\"><a href=\"https:\/\/875jahrekirchgoens.de\/?p=17852\">Zu den Attraktionen \u2026<\/a><\/td>\n<\/tr>\n<tr class=\"row-30\">\n\t<td class=\"column-1\"><\/td><td class=\"column-2\">30.07.2002<\/td><td class=\"column-3\"><a href=\"https:\/\/875jahrekirchgoens.de\/?p=17857\">Hohe Verbandsehrung f\u00fcr Hagen Heinz<\/a><\/td>\n<\/tr>\n<tr class=\"row-31\">\n\t<td class=\"column-1\"><\/td><td class=\"column-2\">14.08.2002<\/td><td class=\"column-3\"><a href=\"https:\/\/875jahrekirchgoens.de\/?p=17861\">Beim Sommerfest \u2026<\/a><\/td>\n<\/tr>\n<tr class=\"row-32\">\n\t<td class=\"column-1\"><\/td><td class=\"column-2\">16.08.2002<\/td><td class=\"column-3\"><a href=\"https:\/\/875jahrekirchgoens.de\/?p=17865\">Mit dem Hochzeitszug auf der Landesgartenschau<\/a><\/td>\n<\/tr>\n<tr class=\"row-33\">\n\t<td class=\"column-1\"><\/td><td class=\"column-2\">25.08.2002<\/td><td class=\"column-3\"><a href=\"https:\/\/875jahrekirchgoens.de\/?p=17869\">Das 18. Backhausfest \u2026<\/a><\/td>\n<\/tr>\n<tr class=\"row-34\">\n\t<td class=\"column-1\"><\/td><td class=\"column-2\">03.09.2002<\/td><td class=\"column-3\"><a href=\"https:\/\/875jahrekirchgoens.de\/?p=17873\">Kirch-G\u00f6nser Vereine schie\u00dfen um den Sieg<\/a><\/td>\n<\/tr>\n<tr class=\"row-35\">\n\t<td class=\"column-1\"><\/td><td class=\"column-2\">19.09.2002<\/td><td class=\"column-3\"><a href=\"https:\/\/875jahrekirchgoens.de\/?p=17876\">Pfarrer Wiilliam Thum wurde in Kirch- und Pohl-G\u00f6ns begr\u00fc\u00dft<\/a><\/td>\n<\/tr>\n<tr class=\"row-36\">\n\t<td class=\"column-1\"><\/td><td class=\"column-2\">14.10.2002<\/td><td class=\"column-3\"><a href=\"https:\/\/875jahrekirchgoens.de\/?p=17834\">Zum 140. Geburtstag gab es viele Gl\u00fcckw\u00fcnsche und Schweizer K\u00e4se<\/a><\/td>\n<\/tr>\n<tr class=\"row-37\">\n\t<td class=\"column-1\"><\/td><td class=\"column-2\">14.10.2002<\/td><td class=\"column-3\"><a href=\"https:\/\/875jahrekirchgoens.de\/?p=17880\">Vergiftete Hunde in Kirch-G\u00f6ns<\/a><\/td>\n<\/tr>\n<tr class=\"row-38\">\n\t<td class=\"column-1\"><\/td><td class=\"column-2\">16.10.2002<\/td><td class=\"column-3\"><a href=\"https:\/\/875jahrekirchgoens.de\/?p=17883\">Die besten Sch\u00fctzen ermittelten Jahressieger<\/a><\/td>\n<\/tr>\n<tr class=\"row-39\">\n\t<td class=\"column-1\"><\/td><td class=\"column-2\">29.10.2002<\/td><td class=\"column-3\"><a href=\"https:\/\/875jahrekirchgoens.de\/?p=17887\">Kirch-G\u00f6nser Sch\u00fctzen k\u00fcrten ihre K\u00f6nigsfamilie<\/a><\/td>\n<\/tr>\n<tr class=\"row-40\">\n\t<td class=\"column-1\"><\/td><td class=\"column-2\">29.11.2002<\/td><td class=\"column-3\"><a href=\"https:\/\/875jahrekirchgoens.de\/?p=17891\">Auch Pfarrer William Thum z\u00fcchtete in seiner Jugend Kaninchen<\/a><\/td>\n<\/tr>\n<tr class=\"row-41\">\n\t<td class=\"column-1\"><\/td><td class=\"column-2\">27.12.2002<\/td><td class=\"column-3\"><a href=\"https:\/\/875jahrekirchgoens.de\/?p=17895\">Unterschriftenaktion f\u00fcr Familie Kochanow<\/a><\/td>\n<\/tr>\n<tr class=\"row-42\">\n\t<td class=\"column-1\"><strong>2003<strong><\/td><td class=\"column-2\"><\/td><td class=\"column-3\"><\/td>\n<\/tr>\n<tr class=\"row-43\">\n\t<td class=\"column-1\"><\/td><td class=\"column-2\">07.01.2003<\/td><td class=\"column-3\"><a href=\"https:\/\/875jahrekirchgoens.de\/?p=17898\">Neujahrsempfang der Kirch-G\u00f6nser Sch\u00fctze<\/a><\/td>\n<\/tr>\n<tr class=\"row-44\">\n\t<td class=\"column-1\"><\/td><td class=\"column-2\">06.03.2002<\/td><td class=\"column-3\"><a href=\"https:\/\/875jahrekirchgoens.de\/?p=17901\">Jubil\u00e4ums-Liederabend war H\u00f6hepunkt<\/a><\/td>\n<\/tr>\n<tr class=\"row-45\">\n\t<td class=\"column-1\"><\/td><td class=\"column-2\">15.03.2003<\/td><td class=\"column-3\"><a href=\"https:\/\/875jahrekirchgoens.de\/?p=17905\">Peter Maiwald holte sich die Gaumeisterschaft<\/a><\/td>\n<\/tr>\n<tr class=\"row-46\">\n\t<td class=\"column-1\"><\/td><td class=\"column-2\">29.03.2003<\/td><td class=\"column-3\"><a href=\"http:\/\/875jahrekirchgoens.de\/?p=13726\" rel=\"noopener\" target=\"_blank\">Verkauf der Ayers-Kaserne an Bork nahm letzte parlamentarische H\u00fcrde<\/a><\/td>\n<\/tr>\n<tr class=\"row-47\">\n\t<td class=\"column-1\"><\/td><td class=\"column-2\">01.04.2003<\/td><td class=\"column-3\"><a href=\"http:\/\/875jahrekirchgoens.de\/?p=15503\" rel=\"noopener\" target=\"_blank\">Kartoffelanbau wie zu Gro\u00dfvaters Zeiten<\/a><\/td>\n<\/tr>\n<tr class=\"row-48\">\n\t<td class=\"column-1\"><\/td><td class=\"column-2\">01.04.2003<\/td><td class=\"column-3\"><a href=\"http:\/\/875jahrekirchgoens.de\/?p=15507\" rel=\"noopener\" target=\"_blank\">Die Kinder waren begeistert vom Kartoffelstecken wie anno dazumal<\/a><\/td>\n<\/tr>\n<tr class=\"row-49\">\n\t<td class=\"column-1\"><\/td><td class=\"column-2\">03.04.2003<\/td><td class=\"column-3\"><a href=\"https:\/\/875jahrekirchgoens.de\/?p=17909\">Jugendliche tanzten f\u00fcr die \u00e4lteren Herrschaften<\/a><\/td>\n<\/tr>\n<tr class=\"row-50\">\n\t<td class=\"column-1\"><\/td><td class=\"column-2\">15.04.2003<\/td><td class=\"column-3\"><a href=\"https:\/\/875jahrekirchgoens.de\/?p=17913\">Backen im Kirch-G\u00f6nser Backhaus \u2026<\/a><\/td>\n<\/tr>\n<tr class=\"row-51\">\n\t<td class=\"column-1\"><\/td><td class=\"column-2\">30.04.2003<\/td><td class=\"column-3\"><a href=\"http:\/\/875jahrekirchgoens.de\/?p=14842\" rel=\"noopener\" target=\"_blank\">Heinrich R\u00fchl seit siebzig Jahren Mitglied im TV Kirch-G\u00f6ns<\/a><\/td>\n<\/tr>\n<tr class=\"row-52\">\n\t<td class=\"column-1\"><\/td><td class=\"column-2\">16.06.2003<\/td><td class=\"column-3\"><a href=\"http:\/\/875jahrekirchgoens.de\/?p=15498\" rel=\"noopener\" target=\"_blank\">Die Hochzeitsgesellschaft kam in H\u00fcttenberger Tracht<\/a><\/td>\n<\/tr>\n<tr class=\"row-53\">\n\t<td class=\"column-1\"><\/td><td class=\"column-2\">11.09.2003<\/td><td class=\"column-3\"><a href=\"https:\/\/875jahrekirchgoens.de\/?p=17935\">Tag des offenen Denkmals im Kirch-G\u00f6nser Backhaus<\/a><\/td>\n<\/tr>\n<tr class=\"row-54\">\n\t<td class=\"column-1\"><\/td><td class=\"column-2\">17.09.2003<\/td><td class=\"column-3\"><a href=\"https:\/\/875jahrekirchgoens.de\/?p=17917\">Backhauskuchen war der Renner in Kirch-G\u00f6ns<\/a><\/td>\n<\/tr>\n<tr class=\"row-55\">\n\t<td class=\"column-1\"><\/td><td class=\"column-2\">17.09.2003<\/td><td class=\"column-3\"><a href=\"https:\/\/875jahrekirchgoens.de\/?p=17921\">SV Ebersg\u00f6ns gewann die Stadtmeisterschaft<\/a><\/td>\n<\/tr>\n<tr class=\"row-56\">\n\t<td class=\"column-1\"><\/td><td class=\"column-2\">08.10.2003<\/td><td class=\"column-3\"><a href=\"https:\/\/875jahrekirchgoens.de\/?p=17927\">Christian Fischer als neuer Zivi ins Amt eingef\u00fchrt<\/a><\/td>\n<\/tr>\n<tr class=\"row-57\">\n\t<td class=\"column-1\"><\/td><td class=\"column-2\">28.10.2003<\/td><td class=\"column-3\"><a href=\"https:\/\/875jahrekirchgoens.de\/?p=17931\">Die neuen W\u00fcrdentr\u00e4ger der Kirch-G\u00f6nser Sch\u00fctzen<\/a><\/td>\n<\/tr>\n<tr class=\"row-58\">\n\t<td class=\"column-1\"><\/td><td class=\"column-2\">01.11.2003<\/td><td class=\"column-3\"><a href=\"http:\/\/875jahrekirchgoens.de\/?p=14339\" rel=\"noopener\" target=\"_blank\">Mit Maulwurfh\u00fcgeln Moos gemacht<\/a><\/td>\n<\/tr>\n<tr class=\"row-59\">\n\t<td class=\"column-1\"><strong>2004<strong><\/td><td class=\"column-2\"><\/td><td class=\"column-3\"><\/td>\n<\/tr>\n<tr class=\"row-60\">\n\t<td class=\"column-1\"><\/td><td class=\"column-2\">17.01.2004<\/td><td class=\"column-3\"><a href=\"https:\/\/875jahrekirchgoens.de\/?p=17939\">1. Spielolympiade in Kirch-G\u00f6ns<\/a><\/td>\n<\/tr>\n<tr class=\"row-61\">\n\t<td class=\"column-1\"><\/td><td class=\"column-2\">20.01.2004<\/td><td class=\"column-3\"><a href=\"http:\/\/875jahrekirchgoens.de\/?p=14342\" rel=\"noopener\" target=\"_blank\">Wie alt ist der r\u00f6mische Limes<\/a><\/td>\n<\/tr>\n<tr class=\"row-62\">\n\t<td class=\"column-1\"><\/td><td class=\"column-2\">23.01.2004<\/td><td class=\"column-3\"><a href=\"https:\/\/875jahrekirchgoens.de\/?p=17944\">Kirch-G\u00f6nser Sch\u00fctzen Mannschaftskreismeister<\/a><\/td>\n<\/tr>\n<tr class=\"row-63\">\n\t<td class=\"column-1\"><\/td><td class=\"column-2\">15.02.2004<\/td><td class=\"column-3\"><a href=\"https:\/\/875jahrekirchgoens.de\/?p=17377\">Danny Lauer wurde in Kirch-G\u00f6ns Sch\u00fctze des Jahres<\/a><\/td>\n<\/tr>\n<tr class=\"row-64\">\n\t<td class=\"column-1\"><\/td><td class=\"column-2\">16.03.2004<\/td><td class=\"column-3\"><a href=\"https:\/\/875jahrekirchgoens.de\/?p=17948\">In Pohl-G\u00f6ns waren die Aktiven \u2026<\/a><\/td>\n<\/tr>\n<tr class=\"row-65\">\n\t<td class=\"column-1\"><\/td><td class=\"column-2\">20.03.2004<\/td><td class=\"column-3\"><a href=\"https:\/\/875jahrekirchgoens.de\/?p=17953\">Beliebter Seniorennachmittag<\/a><\/td>\n<\/tr>\n<tr class=\"row-66\">\n\t<td class=\"column-1\"><\/td><td class=\"column-2\">23.03.2004<\/td><td class=\"column-3\"><a href=\"https:\/\/875jahrekirchgoens.de\/?p=17958\">Otto Z\u00f6rb seit 75 Jahren im Gesangverein<\/a><\/td>\n<\/tr>\n<tr class=\"row-67\">\n\t<td class=\"column-1\"><\/td><td class=\"column-2\">01.04.2004<\/td><td class=\"column-3\"><a href=\"http:\/\/875jahrekirchgoens.de\/?p=14837\" rel=\"noopener\" target=\"_blank\">Der TV Kirch-G\u00f6ns ehrte seine langj\u00e4hrigen Mitglieder<\/a><\/td>\n<\/tr>\n<tr class=\"row-68\">\n\t<td class=\"column-1\"><\/td><td class=\"column-2\">05.04.2004<\/td><td class=\"column-3\"><a href=\"https:\/\/875jahrekirchgoens.de\/?p=17962\">Backhaus wurde angeheizt<\/a><\/td>\n<\/tr>\n<tr class=\"row-69\">\n\t<td class=\"column-1\"><\/td><td class=\"column-2\">01.05.2004<\/td><td class=\"column-3\"><a href=\"http:\/\/875jahrekirchgoens.de\/?p=14347\" rel=\"noopener\" target=\"_blank\">Ehemalige Handballer trafen aufeinander<\/a><\/td>\n<\/tr>\n<tr class=\"row-70\">\n\t<td class=\"column-1\"><\/td><td class=\"column-2\">04.06.2004<\/td><td class=\"column-3\"><a href=\"https:\/\/875jahrekirchgoens.de\/?p=17966\">Evangelisches Gemeindehaus Kirch-G\u00f6ns eingeweiht<\/a><\/td>\n<\/tr>\n<tr class=\"row-71\">\n\t<td class=\"column-1\"><\/td><td class=\"column-2\">06.09.2004<\/td><td class=\"column-3\"><a href=\"https:\/\/875jahrekirchgoens.de\/?p=17970\">Kaiserwetter beim 20. Backhausfest<\/a><\/td>\n<\/tr>\n<tr class=\"row-72\">\n\t<td class=\"column-1\"><\/td><td class=\"column-2\">11.09.2004<\/td><td class=\"column-3\"><a href=\"https:\/\/875jahrekirchgoens.de\/?p=17974\">Kirch-G\u00f6nser Musiker waren von Tillmitsch\/Steiermark begeistert<\/a><\/td>\n<\/tr>\n<tr class=\"row-73\">\n\t<td class=\"column-1\"><\/td><td class=\"column-2\">27.10.2004<\/td><td class=\"column-3\"><a href=\"https:\/\/875jahrekirchgoens.de\/?p=17343\">Hagen Heinz wurde K\u00f6nig, Tanja Winter K\u00f6nigin\u00a0\u00a0\u00a0\u00a0 .<\/a><\/td>\n<\/tr>\n<tr class=\"row-74\">\n\t<td class=\"column-1\"><\/td><td class=\"column-2\">30.10.2004<\/td><td class=\"column-3\"><a href=\"https:\/\/875jahrekirchgoens.de\/?p=17350\">Das Backhaus wurde angeheizt<\/a><\/td>\n<\/tr>\n<tr class=\"row-75\">\n\t<td class=\"column-1\"><\/td><td class=\"column-2\">05.11.2004<\/td><td class=\"column-3\"><a href=\"https:\/\/875jahrekirchgoens.de\/?p=17354\">Kirch-G\u00f6nser Gesangverein war drei Tage lang in den neuen Bundesl\u00e4ndern<\/a><\/td>\n<\/tr>\n<tr class=\"row-76\">\n\t<td class=\"column-1\"><\/td><td class=\"column-2\">09.11.2004<\/td><td class=\"column-3\"><a href=\"http:\/\/875jahrekirchgoens.de\/?p=13734\" rel=\"noopener\" target=\"_blank\">Neuer Platz f\u00fcr \u00e4ltesten Grabstein<\/a><\/td>\n<\/tr>\n<tr class=\"row-77\">\n\t<td class=\"column-1\"><\/td><td class=\"column-2\">18.11.2004<\/td><td class=\"column-3\"><a href=\"http:\/\/875jahrekirchgoens.de\/?p=13731\" rel=\"noopener\" target=\"_blank\">Gute Entwicklung in Ayers-Kaserne<\/a><\/td>\n<\/tr>\n<tr class=\"row-78\">\n\t<td class=\"column-1\"><\/td><td class=\"column-2\">20.11.2004<\/td><td class=\"column-3\"><a href=\"http:\/\/875jahrekirchgoens.de\/?p=14351\" rel=\"noopener\" target=\"_blank\">Am Weiderweg in Kirch-G\u00f6ns darf jetzt endlich gebaut werden<\/a><\/td>\n<\/tr>\n<tr class=\"row-79\">\n\t<td class=\"column-1\"><\/td><td class=\"column-2\">30.11.2004<\/td><td class=\"column-3\"><a href=\"https:\/\/875jahrekirchgoens.de\/?p=17358\">200 Tiere auf der Lokalschau<\/a><\/td>\n<\/tr>\n<tr class=\"row-80\">\n\t<td class=\"column-1\"><\/td><td class=\"column-2\">30.11.2004<\/td><td class=\"column-3\"><a href=\"https:\/\/875jahrekirchgoens.de\/?p=17362\">Die Fenster\u00f6ffnung \u2026<\/a><\/td>\n<\/tr>\n<tr class=\"row-81\">\n\t<td class=\"column-1\"><strong>2005<strong><\/td><td class=\"column-2\"><\/td><td class=\"column-3\"><\/td>\n<\/tr>\n<tr class=\"row-82\">\n\t<td class=\"column-1\"><\/td><td class=\"column-2\">02.01.2005<\/td><td class=\"column-3\"><a href=\"https:\/\/875jahrekirchgoens.de\/?p=17366\">Ingeborg Festner und Frank Will gewannen<\/a><\/td>\n<\/tr>\n<tr class=\"row-83\">\n\t<td class=\"column-1\"><\/td><td class=\"column-2\">17.01.2005<\/td><td class=\"column-3\"><a href=\"http:\/\/875jahrekirchgoens.de\/?p=13737\" rel=\"noopener\" target=\"_blank\">Fastnacht f\u00e4llt aus<\/a><\/td>\n<\/tr>\n<tr class=\"row-84\">\n\t<td class=\"column-1\"><\/td><td class=\"column-2\">22.01.2005<\/td><td class=\"column-3\"><a href=\"https:\/\/875jahrekirchgoens.de\/?p=17370\">Schie\u00dfen der Kirch-G\u00f6nser Vereine<\/a><\/td>\n<\/tr>\n<tr class=\"row-85\">\n\t<td class=\"column-1\"><\/td><td class=\"column-2\">11.02.2005<\/td><td class=\"column-3\"><a href=\"https:\/\/875jahrekirchgoens.de\/?p=17373\">Knusprige Backhaus-Pizza f\u00fcr die Helfer<\/a><\/td>\n<\/tr>\n<tr class=\"row-86\">\n\t<td class=\"column-1\"><\/td><td class=\"column-2\">19.02.2005<\/td><td class=\"column-3\"><a href=\"https:\/\/875jahrekirchgoens.de\/?p=17381\">Liederkranz Pohl-G\u00f6ns erhielt den Kulturpreis der Stadt Butzbach<\/a><\/td>\n<\/tr>\n<tr class=\"row-87\">\n\t<td class=\"column-1\"><\/td><td class=\"column-2\">22.03.2005<\/td><td class=\"column-3\"><a href=\"https:\/\/875jahrekirchgoens.de\/?p=17385\">Jugendliche machten sich wieder rar<\/a><\/td>\n<\/tr>\n<tr class=\"row-88\">\n\t<td class=\"column-1\"><\/td><td class=\"column-2\">24.03.2005<\/td><td class=\"column-3\"><a href=\"http:\/\/875jahrekirchgoens.de\/?p=13739\" rel=\"noopener\" target=\"_blank\">Ganzen Container M\u00fcll in der Germarkung gesammelt<\/a><\/td>\n<\/tr>\n<tr class=\"row-89\">\n\t<td class=\"column-1\"><\/td><td class=\"column-2\">06.04.2005<\/td><td class=\"column-3\"><a href=\"https:\/\/875jahrekirchgoens.de\/?p=17390\">Goldene Konfirmation in Kirch-G\u00f6ns gefeiert<\/a><\/td>\n<\/tr>\n<tr class=\"row-90\">\n\t<td class=\"column-1\"><\/td><td class=\"column-2\">28.04.2005<\/td><td class=\"column-3\"><a href=\"http:\/\/875jahrekirchgoens.de\/?p=14831\" rel=\"noopener\" target=\"_blank\">Gerhard Reinhard und G\u00fcnter Euler seit 1\/2 Jahrhundert im TV Kirch-G\u00f6ns<\/a><\/td>\n<\/tr>\n<tr class=\"row-91\">\n\t<td class=\"column-1\"><\/td><td class=\"column-2\">16.07.2005<\/td><td class=\"column-3\"><a href=\"https:\/\/875jahrekirchgoens.de\/?p=17394\">Kirch-G\u00f6ns heute im Hessen-Fernsehen<\/a><\/td>\n<\/tr>\n<tr class=\"row-92\">\n\t<td class=\"column-1\"><\/td><td class=\"column-2\">19.07.2005<\/td><td class=\"column-3\"><a href=\"https:\/\/875jahrekirchgoens.de\/?p=17399\">Wird Kirch-G\u00f6ns \u201eDolles Dorf\u201c?<\/a><\/td>\n<\/tr>\n<tr class=\"row-93\">\n\t<td class=\"column-1\"><\/td><td class=\"column-2\">03.09.2005<\/td><td class=\"column-3\"><a href=\"https:\/\/875jahrekirchgoens.de\/?p=17404\">Flei\u00dfig Kuchen gebacken \u2026<\/a><\/td>\n<\/tr>\n<tr class=\"row-94\">\n\t<td class=\"column-1\"><\/td><td class=\"column-2\">08.11.2005<\/td><td class=\"column-3\"><a href=\"https:\/\/875jahrekirchgoens.de\/?p=17408\">Auch die politische Prominenz lie\u00df sich Meerrechtichessen schmecken<\/a><\/td>\n<\/tr>\n<tr class=\"row-95\">\n\t<td class=\"column-1\"><\/td><td class=\"column-2\">22.11.2005<\/td><td class=\"column-3\"><a href=\"https:\/\/875jahrekirchgoens.de\/?p=17433\">K\u00f6nigsfamilie wurde in Kirch-G\u00f6ns proklamiert<\/a><\/td>\n<\/tr>\n<tr class=\"row-96\">\n\t<td class=\"column-1\"><\/td><td class=\"column-2\">27.12.2005<\/td><td class=\"column-3\"><a href=\"https:\/\/875jahrekirchgoens.de\/?p=17440\">Meistertitel f\u00fcr Sch\u00fctzen aus Gambach, Kirch-G\u00f6ns und Ebersg\u00f6ns<\/a><\/td>\n<\/tr>\n<tr class=\"row-97\">\n\t<td class=\"column-1\"><strong>2006<strong><\/td><td class=\"column-2\"><\/td><td class=\"column-3\"><\/td>\n<\/tr>\n<tr class=\"row-98\">\n\t<td class=\"column-1\"><\/td><td class=\"column-2\">13.01.2006<\/td><td class=\"column-3\"><a href=\"https:\/\/875jahrekirchgoens.de\/?p=17444\">Neujahrsempfang der Kirch-G\u00f6nser Sch\u00fctzen<\/a><\/td>\n<\/tr>\n<tr class=\"row-99\">\n\t<td class=\"column-1\"><\/td><td class=\"column-2\">26.01.2006<\/td><td class=\"column-3\"><a href=\"https:\/\/875jahrekirchgoens.de\/?p=17447\">Finalschie\u00dfen der Ortsvereine<\/a><\/td>\n<\/tr>\n<tr class=\"row-100\">\n\t<td class=\"column-1\"><\/td><td class=\"column-2\">30.01.2006<\/td><td class=\"column-3\"><a href=\"https:\/\/875jahrekirchgoens.de\/?p=17450\">Kirch-G\u00f6nser Sch\u00fctzen Mannschafts-Kreismeister<\/a><\/td>\n<\/tr>\n<tr class=\"row-101\">\n\t<td class=\"column-1\"><\/td><td class=\"column-2\">02.02.2006<\/td><td class=\"column-3\"><a href=\"http:\/\/875jahrekirchgoens.de\/?p=14354\" rel=\"noopener\" target=\"_blank\">Best Kapp wird pr\u00e4miert<\/a><\/td>\n<\/tr>\n<tr class=\"row-102\">\n\t<td class=\"column-1\"><\/td><td class=\"column-2\">08.04.2006<\/td><td class=\"column-3\"><a href=\"https:\/\/875jahrekirchgoens.de\/?p=17454\">Seniorennachmittag immer wieder beliebt<\/a><\/td>\n<\/tr>\n<tr class=\"row-103\">\n\t<td class=\"column-1\"><\/td><td class=\"column-2\">24.04.2006<\/td><td class=\"column-3\"><a href=\"https:\/\/875jahrekirchgoens.de\/?p=17458\">Willi Br\u00fcckel wurde mit Geschenken aus dem Vorstand verabschiedet.<\/a><\/td>\n<\/tr>\n<tr class=\"row-104\">\n\t<td class=\"column-1\"><\/td><td class=\"column-2\">09.05.2006<\/td><td class=\"column-3\"><a href=\"http:\/\/875jahrekirchgoens.de\/?p=14254\" rel=\"noopener\" target=\"_blank\">Kristina Euler wurde zur neuen Finanzchefin im TV Kirch G\u00f6ns gew\u00e4hlt<\/a><\/td>\n<\/tr>\n<tr class=\"row-105\">\n\t<td class=\"column-1\"><\/td><td class=\"column-2\">21.06.2006<\/td><td class=\"column-3\"><a href=\"https:\/\/875jahrekirchgoens.de\/?p=17468\">Peter Maiwald, Kirch-G\u00f6ns, qualifizierte sich f\u00fcr die \u201eDeutschen\u201c<\/a><\/td>\n<\/tr>\n<tr class=\"row-106\">\n\t<td class=\"column-1\"><\/td><td class=\"column-2\">19.07.2006<\/td><td class=\"column-3\"><a href=\"https:\/\/875jahrekirchgoens.de\/?p=17476\">Landleben um 1900 \u2026<\/a><\/td>\n<\/tr>\n<tr class=\"row-107\">\n\t<td class=\"column-1\"><\/td><td class=\"column-2\">10.07.2006<\/td><td class=\"column-3\"><a href=\"https:\/\/875jahrekirchgoens.de\/?p=17472\">Josef Giebl wurde 75<\/a><\/td>\n<\/tr>\n<tr class=\"row-108\">\n\t<td class=\"column-1\"><\/td><td class=\"column-2\">27.08.2006<\/td><td class=\"column-3\"><a href=\"https:\/\/875jahrekirchgoens.de\/?p=17480\">Mit einem PS fuhr Pfarrer William Thum \u2026<\/a><\/td>\n<\/tr>\n<tr class=\"row-109\">\n\t<td class=\"column-1\"><\/td><td class=\"column-2\">01.09.2006<\/td><td class=\"column-3\"><a href=\"https:\/\/875jahrekirchgoens.de\/?p=17484\">Segnung der Kinder zum Schulanfang<\/a><\/td>\n<\/tr>\n<tr class=\"row-110\">\n\t<td class=\"column-1\"><\/td><td class=\"column-2\">24.11.2006<\/td><td class=\"column-3\"><a href=\"https:\/\/875jahrekirchgoens.de\/?p=17488\">Klaus-Dieter Herbel gewann K\u00f6nigsschie\u00dfen<\/a><\/td>\n<\/tr>\n<tr class=\"row-111\">\n\t<td class=\"column-1\"><\/td><td class=\"column-2\">01.12.2006<\/td><td class=\"column-3\"><a href=\"https:\/\/875jahrekirchgoens.de\/?p=17492\">40 Jahre Lustige F\u00fcnfzehn<\/a><\/td>\n<\/tr>\n<tr class=\"row-112\">\n\t<td class=\"column-1\"><\/td><td class=\"column-2\">01.12.2006<\/td><td class=\"column-3\"><a href=\"http:\/\/875jahrekirchgoens.de\/?p=15020\" rel=\"noopener\" target=\"_blank\">Hanspeter Tiedemann aus Pr\u00e4sidium verabschiedet<\/a><\/td>\n<\/tr>\n<tr class=\"row-113\">\n\t<td class=\"column-1\"><\/td><td class=\"column-2\">30.12.2006<\/td><td class=\"column-3\"><a href=\"http:\/\/875jahrekirchgoens.de\/?p=14358\" rel=\"noopener\" target=\"_blank\">Seit gestern ist in der Kirch-G\u00f6nser Hauptstra\u00dfe 64 \u2026<\/a><\/td>\n<\/tr>\n<tr class=\"row-114\">\n\t<td class=\"column-1\"><strong>2007<strong><\/td><td class=\"column-2\"><\/td><td class=\"column-3\"><\/td>\n<\/tr>\n<tr class=\"row-115\">\n\t<td class=\"column-1\"><\/td><td class=\"column-2\">02.01.2007<\/td><td class=\"column-3\"><a href=\"https:\/\/875jahrekirchgoens.de\/?p=17498\">Letztes Jahreskegeln<\/a><\/td>\n<\/tr>\n<tr class=\"row-116\">\n\t<td class=\"column-1\"><\/td><td class=\"column-2\">12.02.2007<\/td><td class=\"column-3\"><a href=\"https:\/\/875jahrekirchgoens.de\/?p=17502\">Schlachtfest des Gesangverein Kirch-G\u00f6ns 1862<\/a><\/td>\n<\/tr>\n<tr class=\"row-117\">\n\t<td class=\"column-1\"><\/td><td class=\"column-2\">16.04.2007<\/td><td class=\"column-3\"><a href=\"https:\/\/875jahrekirchgoens.de\/?p=17521\">Ein Verein, der d\u00f6rfliche Mundart, Brauchtum und Kultur bewahrt<\/a><\/td>\n<\/tr>\n<tr class=\"row-118\">\n\t<td class=\"column-1\"><\/td><td class=\"column-2\">05.05.2007<\/td><td class=\"column-3\"><a href=\"https:\/\/875jahrekirchgoens.de\/?p=17506\">Vom Hessentrag nicht mehr wegzudenken<\/a><\/td>\n<\/tr>\n<tr class=\"row-119\">\n\t<td class=\"column-1\"><\/td><td class=\"column-2\">30.06.2007<\/td><td class=\"column-3\"><a href=\"https:\/\/875jahrekirchgoens.de\/?p=17509\">Hightech-Schie\u00dfst\u00e4nde stehen jetzt auch in Kirch-G\u00f6ns zur Verf\u00fcgung<\/a><\/td>\n<\/tr>\n<tr class=\"row-120\">\n\t<td class=\"column-1\"><\/td><td class=\"column-2\">03.07.2007<\/td><td class=\"column-3\"><a href=\"https:\/\/875jahrekirchgoens.de\/?p=17516\">Kirch-G\u00f6nser Hochzeitszug begeisterte in Annerod<\/a><\/td>\n<\/tr>\n<tr class=\"row-121\">\n\t<td class=\"column-1\"><\/td><td class=\"column-2\">22.07.2007<\/td><td class=\"column-3\"><a href=\"http:\/\/875jahrekirchgoens.de\/?p=14826\" rel=\"noopener\" target=\"_blank\">TV-Vorsitzender Thorsten Metz k\u00fcndigt f\u00fcr 2008 seinen R\u00fccktritt an<\/a><\/td>\n<\/tr>\n<tr class=\"row-122\">\n\t<td class=\"column-1\"><\/td><td class=\"column-2\">23.08.2007<\/td><td class=\"column-3\"><a href=\"http:\/\/875jahrekirchgoens.de\/?p=15030\" rel=\"noopener\" target=\"_blank\">Hohe Auszeichnung f\u00fcr Friedel Werner<\/a><\/td>\n<\/tr>\n<tr class=\"row-123\">\n\t<td class=\"column-1\"><\/td><td class=\"column-2\">23.08.2007<\/td><td class=\"column-3\"><a href=\"http:\/\/875jahrekirchgoens.de\/?p=15025\" rel=\"noopener\" target=\"_blank\">25 Jahre Heimat- und Backhausverein Kirch-G\u00f6ns<\/a><\/td>\n<\/tr>\n<tr class=\"row-124\">\n\t<td class=\"column-1\"><\/td><td class=\"column-2\">29.08.2007<\/td><td class=\"column-3\"><a href=\"http:\/\/875jahrekirchgoens.de\/?p=15004\" rel=\"noopener\" target=\"_blank\">Heimat- und Backhausverein Kirch-G\u00f6ns feierte 25-j\u00e4hriges Bestehen<\/a><\/td>\n<\/tr>\n<tr class=\"row-125\">\n\t<td class=\"column-1\"><\/td><td class=\"column-2\">12.09.2007<\/td><td class=\"column-3\"><a href=\"https:\/\/875jahrekirchgoens.de\/?p=17527\">Lukas Brandenburger gewann Deutschland-Pokal im Gl\u00fccksschie\u00dfen<\/a><\/td>\n<\/tr>\n<tr class=\"row-126\">\n\t<td class=\"column-1\"><\/td><td class=\"column-2\">01.10.2007<\/td><td class=\"column-3\"><a href=\"http:\/\/875jahrekirchgoens.de\/?p=15390\" rel=\"noopener\" target=\"_blank\">Herbstkonzert des Musikzuges Kirch-G\u00f6ns<\/a><\/td>\n<\/tr>\n<tr class=\"row-127\">\n\t<td class=\"column-1\"><\/td><td class=\"column-2\">01.10.2007<\/td><td class=\"column-3\"><a href=\"http:\/\/875jahrekirchgoens.de\/?p=15385\" rel=\"noopener\" target=\"_blank\">Kirch-G\u00f6nser Einsatzabteilung besuchte Burg Greifenstein<\/a><\/td>\n<\/tr>\n<tr class=\"row-128\">\n\t<td class=\"column-1\"><\/td><td class=\"column-2\">01.10.2007<\/td><td class=\"column-3\"><a href=\"http:\/\/875jahrekirchgoens.de\/?p=15378\" rel=\"noopener\" target=\"_blank\">Kirch-G\u00f6nser Musikzug begeisterte sein Publikum<\/a><\/td>\n<\/tr>\n<tr class=\"row-129\">\n\t<td class=\"column-1\"><\/td><td class=\"column-2\">01.10.2007<\/td><td class=\"column-3\"><a href=\"http:\/\/875jahrekirchgoens.de\/?p=15374\" rel=\"noopener\" target=\"_blank\">Kirch-G\u00f6nser Musikzug besuchte Berchtesgadener Land<\/a><\/td>\n<\/tr>\n<tr class=\"row-130\">\n\t<td class=\"column-1\"><\/td><td class=\"column-2\">01.10.2007<\/td><td class=\"column-3\"><a href=\"http:\/\/875jahrekirchgoens.de\/?p=15371\" rel=\"noopener\" target=\"_blank\">Langj\u00e4hrige Feuerwehrmusiker geehrt<\/a><\/td>\n<\/tr>\n<tr class=\"row-131\">\n\t<td class=\"column-1\"><\/td><td class=\"column-2\">01.10.2007<\/td><td class=\"column-3\"><a href=\"http:\/\/875jahrekirchgoens.de\/?p=15366\" rel=\"noopener\" target=\"_blank\">T\u00fcmmlerpokal f\u00fcr Nachwuchsz\u00fcchterin Anna-Lena<\/a><\/td>\n<\/tr>\n<tr class=\"row-132\">\n\t<td class=\"column-1\"><\/td><td class=\"column-2\">11.10.2007<\/td><td class=\"column-3\"><a href=\"https:\/\/875jahrekirchgoens.de\/?p=17530\">Zu einem Erntedanknachmittag \u2026<\/a><\/td>\n<\/tr>\n<tr class=\"row-133\">\n\t<td class=\"column-1\"><\/td><td class=\"column-2\">15.10.2007<\/td><td class=\"column-3\"><a href=\"https:\/\/875jahrekirchgoens.de\/?p=17534\">Erntedank mit altem Ger\u00e4t und Mundart<\/a><\/td>\n<\/tr>\n<tr class=\"row-134\">\n\t<td class=\"column-1\"><\/td><td class=\"column-2\">01.11.2007<\/td><td class=\"column-3\"><a href=\"http:\/\/875jahrekirchgoens.de\/?p=15360\" rel=\"noopener\" target=\"_blank\">Langj\u00e4hriger Feuerwehrmann geehrt<\/a><\/td>\n<\/tr>\n<tr class=\"row-135\">\n\t<td class=\"column-1\"><\/td><td class=\"column-2\">21.11.2007<\/td><td class=\"column-3\"><a href=\"https:\/\/875jahrekirchgoens.de\/?p=17538\">Neue W\u00fcrdentr\u00e4ger: Karin Giebl und Frank Will<\/a><\/td>\n<\/tr>\n<tr class=\"row-136\">\n\t<td class=\"column-1\"><\/td><td class=\"column-2\"><\/td><td class=\"column-3\"><\/td>\n<\/tr>\n<tr class=\"row-137\">\n\t<td class=\"column-1\"><strong>2008<strong><\/td><td class=\"column-2\"><\/td><td class=\"column-3\"><\/td>\n<\/tr>\n<tr class=\"row-138\">\n\t<td class=\"column-1\"><\/td><td class=\"column-2\">02.01.2008<\/td><td class=\"column-3\"><a href=\"http:\/\/875jahrekirchgoens.de\/?p=15355\" rel=\"noopener\" target=\"_blank\">Herbstkonzert war H\u00f6hepunkt f\u00fcr Kirch-G\u00f6nser Musikzug<\/a><\/td>\n<\/tr>\n<tr class=\"row-139\">\n\t<td class=\"column-1\"><\/td><td class=\"column-2\">31.03.2008<\/td><td class=\"column-3\"><a href=\"https:\/\/875jahrekirchgoens.de\/?p=17542\">Elektronische Standanlagen sind Meilenstein in Vereinsgeschichte<\/a><\/td>\n<\/tr>\n<tr class=\"row-140\">\n\t<td class=\"column-1\"><\/td><td class=\"column-2\">03.04.2008<\/td><td class=\"column-3\"><a href=\"https:\/\/875jahrekirchgoens.de\/?p=17545\">Hessentag war H\u00f6hepunkt des Jahres<\/a><\/td>\n<\/tr>\n<tr class=\"row-141\">\n\t<td class=\"column-1\"><\/td><td class=\"column-2\">27.04.2008<\/td><td class=\"column-3\"><a href=\"http:\/\/875jahrekirchgoens.de\/?p=14366\" rel=\"noopener\" target=\"_blank\">G\u00fcnter Misch neuer Ehrenvorsitzender<\/a><\/td>\n<\/tr>\n<tr class=\"row-142\">\n\t<td class=\"column-1\"><\/td><td class=\"column-2\">29.04.2008<\/td><td class=\"column-3\"><a href=\"https:\/\/875jahrekirchgoens.de\/?p=17549\">F\u00fcr Heimat- und Backhausverein waren Jubil\u00e4um und Hessentag H\u00f6hepunkte<\/a><\/td>\n<\/tr>\n<tr class=\"row-143\">\n\t<td class=\"column-1\"><\/td><td class=\"column-2\">07.06.2008<\/td><td class=\"column-3\"><a href=\"http:\/\/875jahrekirchgoens.de\/?p=14369\" rel=\"noopener\" target=\"_blank\">Letzte Malerarbeiten an der Au\u00dfenfassade \u2026<\/a><\/td>\n<\/tr>\n<tr class=\"row-144\">\n\t<td class=\"column-1\"><\/td><td class=\"column-2\">18.06.2008<\/td><td class=\"column-3\"><a href=\"https:\/\/875jahrekirchgoens.de\/?p=17553\">MPS Oberer H\u00fcttenberg \u00fcberstand bisher alle St\u00fcrme der Zeit<\/a><\/td>\n<\/tr>\n<tr class=\"row-145\">\n\t<td class=\"column-1\"><\/td><td class=\"column-2\">18.06.2008<\/td><td class=\"column-3\"><a href=\"https:\/\/875jahrekirchgoens.de\/?p=17559\">Projektwoche der MPS \u201eOberer H\u00fcttenberg\u201c<\/a><\/td>\n<\/tr>\n<tr class=\"row-146\">\n\t<td class=\"column-1\"><\/td><td class=\"column-2\">05.07.2008<\/td><td class=\"column-3\"><a href=\"http:\/\/875jahrekirchgoens.de\/?p=15034\" rel=\"noopener\" target=\"_blank\">TV-lronkids starten in Friedberg<\/a><\/td>\n<\/tr>\n<tr class=\"row-147\">\n\t<td class=\"column-1\"><\/td><td class=\"column-2\">02.09.2008<\/td><td class=\"column-3\"><a href=\"https:\/\/875jahrekirchgoens.de\/?p=17563\">24. Backhausfest in Kirch-G\u00f6ns war wieder ein Publikumsmagnet<\/a><\/td>\n<\/tr>\n<tr class=\"row-148\">\n\t<td class=\"column-1\"><\/td><td class=\"column-2\">11.09.2008<\/td><td class=\"column-3\"><a href=\"https:\/\/875jahrekirchgoens.de\/?p=17567\">Viel Beifall f\u00fcr Heimat- und Backhausverein<\/a><\/td>\n<\/tr>\n<tr class=\"row-149\">\n\t<td class=\"column-1\"><\/td><td class=\"column-2\">25.10.2008<\/td><td class=\"column-3\"><a href=\"http:\/\/875jahrekirchgoens.de\/?p=13745\" rel=\"noopener\" target=\"_blank\">SPD pflanzte einen Walnussbaum<\/a><\/td>\n<\/tr>\n<tr class=\"row-150\">\n\t<td class=\"column-1\"><\/td><td class=\"column-2\">22.12.2008<\/td><td class=\"column-3\"><a href=\"https:\/\/875jahrekirchgoens.de\/?p=17575\">Die Gr\u00fcnderinnen des Frauenchores wurden geehrt<\/a><\/td>\n<\/tr>\n<tr class=\"row-151\">\n\t<td class=\"column-1\"><strong>2009<strong><\/td><td class=\"column-2\"><\/td><td class=\"column-3\"><\/td>\n<\/tr>\n<tr class=\"row-152\">\n\t<td class=\"column-1\"><\/td><td class=\"column-2\">16.01.2009<\/td><td class=\"column-3\"><a href=\"https:\/\/875jahrekirchgoens.de\/?p=17589\">In Kirch-G\u00f6ns hat das Schlachtfest des Gesangvereins \u2026<\/a><\/td>\n<\/tr>\n<tr class=\"row-153\">\n\t<td class=\"column-1\"><\/td><td class=\"column-2\">14.02.2009<\/td><td class=\"column-3\"><a href=\"https:\/\/875jahrekirchgoens.de\/?p=17593\">Helferabend beim Heimat- und Backhausverein<\/a><\/td>\n<\/tr>\n<tr class=\"row-154\">\n\t<td class=\"column-1\"><\/td><td class=\"column-2\">25.03.2009<\/td><td class=\"column-3\"><a href=\"https:\/\/875jahrekirchgoens.de\/?p=17597\">Erstmals eine Frau an der Spitze<\/a><\/td>\n<\/tr>\n<tr class=\"row-155\">\n\t<td class=\"column-1\"><\/td><td class=\"column-2\">19.10.2009<\/td><td class=\"column-3\"><a href=\"https:\/\/875jahrekirchgoens.de\/?p=17602\">Auf der Kirmes kennengelernt<\/a><\/td>\n<\/tr>\n<tr class=\"row-156\">\n\t<td class=\"column-1\"><\/td><td class=\"column-2\">29.10.2009<\/td><td class=\"column-3\"><a href=\"https:\/\/875jahrekirchgoens.de\/?p=17606\">Vereinsgottesdienst in Kirch-G\u00f6ns<\/a><\/td>\n<\/tr>\n<tr class=\"row-157\">\n\t<td class=\"column-1\"><\/td><td class=\"column-2\">21.11.2009<\/td><td class=\"column-3\"><a href=\"https:\/\/875jahrekirchgoens.de\/?p=17610\">Neue W\u00fcrdentr\u00e4ger: Ute Maiwald und Ralf Winter<\/a><\/td>\n<\/tr>\n<tr class=\"row-158\">\n\t<td class=\"column-1\"><strong>2010<strong><\/td><td class=\"column-2\"><\/td><td class=\"column-3\"><\/td>\n<\/tr>\n<tr class=\"row-159\">\n\t<td class=\"column-1\"><\/td><td class=\"column-2\">20.01.2010<\/td><td class=\"column-3\"><a href=\"https:\/\/875jahrekirchgoens.de\/?p=17614\">Schlachtfest des Gesangvereins wieder ein voller Erfolg<\/a><\/td>\n<\/tr>\n<tr class=\"row-160\">\n\t<td class=\"column-1\"><\/td><td class=\"column-2\">08.02.2010<\/td><td class=\"column-3\"><a href=\"https:\/\/875jahrekirchgoens.de\/?p=17618\">F\u00fcr den traditionellen Kaffeenachmittag \u2026<\/a><\/td>\n<\/tr>\n<tr class=\"row-161\">\n\t<td class=\"column-1\"><\/td><td class=\"column-2\">05.03.2010<\/td><td class=\"column-3\"><a href=\"https:\/\/875jahrekirchgoens.de\/?p=17622\">MPS-Unterschriften ohne Wirkung<\/a><\/td>\n<\/tr>\n<tr class=\"row-162\">\n\t<td class=\"column-1\"><\/td><td class=\"column-2\">19.02.2010<\/td><td class=\"column-3\"><a href=\"http:\/\/875jahrekirchgoens.de\/?p=15298\" rel=\"noopener\" target=\"_blank\">An Fastnacht 2770 Euro f\u00fcr Kirchensanierung gesammelt<\/a><\/td>\n<\/tr>\n<tr class=\"row-163\">\n\t<td class=\"column-1\"><\/td><td class=\"column-2\">15.03.2010<\/td><td class=\"column-3\"><a href=\"https:\/\/875jahrekirchgoens.de\/?p=17626\">Goldene Konfirmation feierten \u2026<\/a><\/td>\n<\/tr>\n<tr class=\"row-164\">\n\t<td class=\"column-1\"><\/td><td class=\"column-2\">19.03.2010<\/td><td class=\"column-3\"><a href=\"https:\/\/875jahrekirchgoens.de\/?p=17630\">\u201eSt. Patrick\u00b4s Day\u201c in Kirch-G\u00f6ns<\/a><\/td>\n<\/tr>\n<tr class=\"row-165\">\n\t<td class=\"column-1\"><\/td><td class=\"column-2\">23.04.2010<\/td><td class=\"column-3\"><a href=\"https:\/\/875jahrekirchgoens.de\/?p=17638\">Monika Maiwald neue 2. Vorsitzende<\/a><\/td>\n<\/tr>\n<tr class=\"row-166\">\n\t<td class=\"column-1\"><\/td><td class=\"column-2\">30.04.2010<\/td><td class=\"column-3\"><a href=\"https:\/\/875jahrekirchgoens.de\/?p=17642\">Verdiente Musiker geehrt<\/a><\/td>\n<\/tr>\n<tr class=\"row-167\">\n\t<td class=\"column-1\"><\/td><td class=\"column-2\">04.05.2010<\/td><td class=\"column-3\"><a href=\"http:\/\/875jahrekirchgoens.de\/?p=14259\" rel=\"noopener\" target=\"_blank\">Der TV Kirch G\u00f6ns freute\u2026<\/a><\/td>\n<\/tr>\n<tr class=\"row-168\">\n\t<td class=\"column-1\"><\/td><td class=\"column-2\">04.05.2010<\/td><td class=\"column-3\"><a href=\"http:\/\/875jahrekirchgoens.de\/?p=14264\" rel=\"noopener\" target=\"_blank\">Willi G\u00e4rtner und Ewald Einh\u00e4user z\u00e4hlen zu den \u00e4ltesten Vereinsmitgliedern<\/a><\/td>\n<\/tr>\n<tr class=\"row-169\">\n\t<td class=\"column-1\"><\/td><td class=\"column-2\">19.05.2010<\/td><td class=\"column-3\"><a href=\"http:\/\/875jahrekirchgoens.de\/?p=14374\" rel=\"noopener\" target=\"_blank\">Kirch-G\u00f6nser Baukalender<\/a><\/td>\n<\/tr>\n<tr class=\"row-170\">\n\t<td class=\"column-1\"><\/td><td class=\"column-2\">21.06.2010<\/td><td class=\"column-3\"><a href=\"http:\/\/875jahrekirchgoens.de\/?p=14111\" rel=\"noopener\" target=\"_blank\">Kirch-G\u00f6nser Gospel-Chor feierte gelungene Premiere<\/a><\/td>\n<\/tr>\n<tr class=\"row-171\">\n\t<td class=\"column-1\"><\/td><td class=\"column-2\">04.07.2010<\/td><td class=\"column-3\"><a href=\"http:\/\/875jahrekirchgoens.de\/?p=14378\" rel=\"noopener\" target=\"_blank\">B\u00fcrgerh\u00e4user werden saniert<\/a><\/td>\n<\/tr>\n<tr class=\"row-172\">\n\t<td class=\"column-1\"><\/td><td class=\"column-2\">10.09.2010<\/td><td class=\"column-3\"><a href=\"https:\/\/875jahrekirchgoens.de\/?p=17646\">Wilfried H\u00f6chst ist Jungtauben-Meister<\/a><\/td>\n<\/tr>\n<tr class=\"row-173\">\n\t<td class=\"column-1\"><\/td><td class=\"column-2\">03.12.2010<\/td><td class=\"column-3\"><a href=\"https:\/\/875jahrekirchgoens.de\/?p=17165\">Bayerische Schwabe tr\u00e4gt das Zepter in Kirch-G\u00f6ns<\/a><\/td>\n<\/tr>\n<tr class=\"row-174\">\n\t<td class=\"column-1\"><\/td><td class=\"column-2\">16.12.2010<\/td><td class=\"column-3\"><a href=\"https:\/\/875jahrekirchgoens.de\/?p=17657\">21.ter Kirch-G\u00f6nser Weihnachtsmarkt<\/a><\/td>\n<\/tr>\n<tr class=\"row-175\">\n\t<td class=\"column-1\"><\/td><td class=\"column-2\">21.12.2010<\/td><td class=\"column-3\"><a href=\"https:\/\/875jahrekirchgoens.de\/?p=17662\">MPS Spende f\u00fcr \u201eErdbebenhilfe Haiti\u201c<\/a><\/td>\n<\/tr>\n<tr class=\"row-176\">\n\t<td class=\"column-1\"><\/td><td class=\"column-2\">21.12.2010<\/td><td class=\"column-3\"><a href=\"https:\/\/875jahrekirchgoens.de\/?p=17666\">Die belebte Weihnachtsgeschichte in Kirch-G\u00f6ns war ein Besuchermagnet<\/a><\/td>\n<\/tr>\n<\/tbody>\n<\/table>\n<!-- #tablepress-10 from cache -->","protected":false},"excerpt":{"rendered":"","protected":false},"author":1,"featured_media":0,"parent":13472,"menu_order":0,"comment_status":"closed","ping_status":"closed","template":"","meta":{"footnotes":""},"class_list":["post-15931","page","type-page","status-publish"],"_links":{"self":[{"href":"http:\/\/875jahrekirchgoens.de\/index.php?rest_route=\/wp\/v2\/pages\/15931","targetHints":{"allow":["GET"]}}],"collection":[{"href":"http:\/\/875jahrekirchgoens.de\/index.php?rest_route=\/wp\/v2\/pages"}],"about":[{"href":"http:\/\/875jahrekirchgoens.de\/index.php?rest_route=\/wp\/v2\/types\/page"}],"author":[{"embeddable":true,"href":"http:\/\/875jahrekirchgoens.de\/index.php?rest_route=\/wp\/v2\/users\/1"}],"replies":[{"embeddable":true,"href":"http:\/\/875jahrekirchgoens.de\/index.php?rest_route=%2Fwp%2Fv2%2Fcomments&post=15931"}],"version-history":[{"count":1,"href":"http:\/\/875jahrekirchgoens.de\/index.php?rest_route=\/wp\/v2\/pages\/15931\/revisions"}],"predecessor-version":[{"id":15932,"href":"http:\/\/875jahrekirchgoens.de\/index.php?rest_route=\/wp\/v2\/pages\/15931\/revisions\/15932"}],"up":[{"embeddable":true,"href":"http:\/\/875jahrekirchgoens.de\/index.php?rest_route=\/wp\/v2\/pages\/13472"}],"wp:attachment":[{"href":"http:\/\/875jahrekirchgoens.de\/index.php?rest_route=%2Fwp%2Fv2%2Fmedia&parent=15931"}],"curies":[{"name":"wp","href":"https:\/\/api.w.org\/{rel}","templated":true}]}}