{"id":15937,"date":"2024-12-17T23:56:41","date_gmt":"2024-12-17T23:56:41","guid":{"rendered":"http:\/\/875jahrekirchgoens.de\/?page_id=15937"},"modified":"2024-12-17T23:58:39","modified_gmt":"2024-12-17T23:58:39","slug":"2024-2","status":"publish","type":"page","link":"http:\/\/875jahrekirchgoens.de\/?page_id=15937","title":{"rendered":"2024"},"content":{"rendered":"\n<table id=\"tablepress-5\" class=\"tablepress tablepress-id-5\">\n<thead>\n<tr class=\"row-1\">\n\t<td class=\"column-1\"><\/td><th class=\"column-2\"><strong>Datum<strong><\/th><th class=\"column-3\"><strong>Bericht<strong><\/th>\n<\/tr>\n<\/thead>\n<tbody class=\"row-striping row-hover\">\n<tr class=\"row-2\">\n\t<td class=\"column-1\"><strong>2024<strong><\/td><td class=\"column-2\"><\/td><td class=\"column-3\"><\/td>\n<\/tr>\n<tr class=\"row-3\">\n\t<td class=\"column-1\"><\/td><td class=\"column-2\">03.01.2024<\/td><td class=\"column-3\"><a href=\"http:\/\/875jahrekirchgoens.de\/?p=14214\" rel=\"noopener\" target=\"_blank\">Anmelden zum Mittagstisch<\/a><\/td>\n<\/tr>\n<tr class=\"row-4\">\n\t<td class=\"column-1\"><\/td><td class=\"column-2\">05.01.2024<\/td><td class=\"column-3\"><a href=\"http:\/\/875jahrekirchgoens.de\/?p=15095\" rel=\"noopener\" target=\"_blank\">Digitalisierung von Festb\u00fcchern<\/a><\/td>\n<\/tr>\n<tr class=\"row-5\">\n\t<td class=\"column-1\"><\/td><td class=\"column-2\">08.01.2024<\/td><td class=\"column-3\"><a href=\"http:\/\/875jahrekirchgoens.de\/?p=14247\" rel=\"noopener\" target=\"_blank\">Mit Trommelwirbel ins neue Jahr<\/a><\/td>\n<\/tr>\n<tr class=\"row-6\">\n\t<td class=\"column-1\"><\/td><td class=\"column-2\">11.01.2024<\/td><td class=\"column-3\"><a href=\"http:\/\/875jahrekirchgoens.de\/?p=14250\" rel=\"noopener\" target=\"_blank\">Mibdance \u00fcbt flei\u00dfig<\/a><\/td>\n<\/tr>\n<tr class=\"row-7\">\n\t<td class=\"column-1\"><\/td><td class=\"column-2\">13.01.2024<\/td><td class=\"column-3\"><a href=\"http:\/\/875jahrekirchgoens.de\/?p=14267\" rel=\"noopener\" target=\"_blank\">Vorbericht Kappenabend in Kirch-G\u00f6ns<\/a><\/td>\n<\/tr>\n<tr class=\"row-8\">\n\t<td class=\"column-1\"><\/td><td class=\"column-2\">16.01.2024<\/td><td class=\"column-3\"><a href=\"http:\/\/875jahrekirchgoens.de\/?p=14457\" rel=\"noopener\" target=\"_blank\">Brandsch\u00fctzer lie\u00dfen sich bekochen<\/a><\/td>\n<\/tr>\n<tr class=\"row-9\">\n\t<td class=\"column-1\"><\/td><td class=\"column-2\">21.01.2024<\/td><td class=\"column-3\"><a href=\"http:\/\/875jahrekirchgoens.de\/?p=14474\" rel=\"noopener\" target=\"_blank\">Gelungener Kappenabend in Kirch-G\u00f6ns<\/a><\/td>\n<\/tr>\n<tr class=\"row-10\">\n\t<td class=\"column-1\"><\/td><td class=\"column-2\">20.01.2024<\/td><td class=\"column-3\"><a href=\"http:\/\/875jahrekirchgoens.de\/?p=14492\" rel=\"noopener\" target=\"_blank\">Spiele-Nachmittag in Kirch-G\u00f6ns<\/a><\/td>\n<\/tr>\n<tr class=\"row-11\">\n\t<td class=\"column-1\"><\/td><td class=\"column-2\">24.01.2024<\/td><td class=\"column-3\"><a href=\"http:\/\/875jahrekirchgoens.de\/?p=14484\" rel=\"noopener\" target=\"_blank\">Ein zeitgen\u00f6ssisches Dokument \u2026<\/a><\/td>\n<\/tr>\n<tr class=\"row-12\">\n\t<td class=\"column-1\"><\/td><td class=\"column-2\">31.01.2024<\/td><td class=\"column-3\"><a href=\"http:\/\/875jahrekirchgoens.de\/?p=14598\" rel=\"noopener\" target=\"_blank\">N\u00e4rrische \u00dcbungsstunde<\/a><\/td>\n<\/tr>\n<tr class=\"row-13\">\n\t<td class=\"column-1\"><\/td><td class=\"column-2\">11.02.2024<\/td><td class=\"column-3\"><a href=\"http:\/\/875jahrekirchgoens.de\/?p=14860\" rel=\"noopener\" target=\"_blank\">G\u00f6nser Kinderfasching<\/a><\/td>\n<\/tr>\n<tr class=\"row-14\">\n\t<td class=\"column-1\"><\/td><td class=\"column-2\">03.02.2024<\/td><td class=\"column-3\"><a href=\"http:\/\/875jahrekirchgoens.de\/?p=14863\" rel=\"noopener\" target=\"_blank\">Gl\u00fchwein-Rast<\/a><\/td>\n<\/tr>\n<tr class=\"row-15\">\n\t<td class=\"column-1\"><\/td><td class=\"column-2\">09.02.2024<\/td><td class=\"column-3\"><a href=\"http:\/\/875jahrekirchgoens.de\/?p=15069\" rel=\"noopener\" target=\"_blank\">Die n\u00e4rrische \u00dcbungsstunde \u2026<\/a><\/td>\n<\/tr>\n<tr class=\"row-16\">\n\t<td class=\"column-1\"><\/td><td class=\"column-2\">11.02.2024<\/td><td class=\"column-3\"><a href=\"http:\/\/875jahrekirchgoens.de\/?p=15008\" rel=\"noopener\" target=\"_blank\">Einladung Gr\u00fcndungsversammlung<\/a><\/td>\n<\/tr>\n<tr class=\"row-17\">\n\t<td class=\"column-1\"><\/td><td class=\"column-2\">13.02.2024<\/td><td class=\"column-3\"><a href=\"http:\/\/875jahrekirchgoens.de\/?p=15059\" rel=\"noopener\" target=\"_blank\">G\u00f6nser Faschingstreiben am Fastnachtsdienstag<\/a><\/td>\n<\/tr>\n<tr class=\"row-18\">\n\t<td class=\"column-1\"><\/td><td class=\"column-2\">14.02.2024<\/td><td class=\"column-3\"><a href=\"http:\/\/875jahrekirchgoens.de\/?p=15064\" rel=\"noopener\" target=\"_blank\">Oswald Kl\u00f6s ist 95 Jahre alt<\/a><\/td>\n<\/tr>\n<tr class=\"row-19\">\n\t<td class=\"column-1\"><\/td><td class=\"column-2\">17.02.2024<\/td><td class=\"column-3\"><a href=\"http:\/\/875jahrekirchgoens.de\/?p=15056\" rel=\"noopener\" target=\"_blank\">M\u00fcll sammeln in Kirch-\/Pohl-G\u00f6ns<\/a><\/td>\n<\/tr>\n<tr class=\"row-20\">\n\t<td class=\"column-1\"><\/td><td class=\"column-2\">18.02.2024<\/td><td class=\"column-3\"><a href=\"http:\/\/875jahrekirchgoens.de\/?p=15051\" rel=\"noopener\" target=\"_blank\">Kirch-G\u00f6ns gr\u00fcndete neuen Verein<\/a><\/td>\n<\/tr>\n<tr class=\"row-21\">\n\t<td class=\"column-1\"><\/td><td class=\"column-2\">26.02.2024<\/td><td class=\"column-3\"><a href=\"http:\/\/875jahrekirchgoens.de\/?p=15088\" rel=\"noopener\" target=\"_blank\">Neue weibliche Doppelspitze<\/a><\/td>\n<\/tr>\n<tr class=\"row-22\">\n\t<td class=\"column-1\"><\/td><td class=\"column-2\">27.02.2024<\/td><td class=\"column-3\"><a href=\"http:\/\/875jahrekirchgoens.de\/?p=15099\" rel=\"noopener\" target=\"_blank\">Festschriften zum Schm\u00f6kern<\/a><\/td>\n<\/tr>\n<tr class=\"row-23\">\n\t<td class=\"column-1\"><\/td><td class=\"column-2\">27.02.2024<\/td><td class=\"column-3\"><a href=\"http:\/\/875jahrekirchgoens.de\/?p=15084\" rel=\"noopener\" target=\"_blank\">Abschied von Anita Pietsch<\/a><\/td>\n<\/tr>\n<tr class=\"row-24\">\n\t<td class=\"column-1\"><\/td><td class=\"column-2\">28.02.2024<\/td><td class=\"column-3\"><a href=\"http:\/\/875jahrekirchgoens.de\/?p=15092\" rel=\"noopener\" target=\"_blank\">Sch\u00fctzenverein Kirch-G\u00f6ns tagt<\/a><\/td>\n<\/tr>\n<tr class=\"row-25\">\n\t<td class=\"column-1\"><\/td><td class=\"column-2\">01.03.2024<\/td><td class=\"column-3\"><a href=\"http:\/\/875jahrekirchgoens.de\/?p=15129\" rel=\"noopener\" target=\"_blank\">Amtliche Bekanntmachungen der Stadt Butzbach<\/a><\/td>\n<\/tr>\n<tr class=\"row-26\">\n\t<td class=\"column-1\"><\/td><td class=\"column-2\">03.03.2024<\/td><td class=\"column-3\"><a href=\"http:\/\/875jahrekirchgoens.de\/?p=15132\" rel=\"noopener\" target=\"_blank\">William Thum Schirmherr bei 875-Jahrfeier Kirch-G\u00f6ns<\/a><\/td>\n<\/tr>\n<tr class=\"row-27\">\n\t<td class=\"column-1\"><\/td><td class=\"column-2\">04.03.2024<\/td><td class=\"column-3\"><a href=\"http:\/\/875jahrekirchgoens.de\/?p=15134\" rel=\"noopener\" target=\"_blank\">Viel Zeit in Ausbildung gesteckt<\/a><\/td>\n<\/tr>\n<tr class=\"row-28\">\n\t<td class=\"column-1\"><\/td><td class=\"column-2\">17.03.2024<\/td><td class=\"column-3\"><a href=\"http:\/\/875jahrekirchgoens.de\/?p=15139\" rel=\"noopener\" target=\"_blank\">\u00c4lteste Festschrift aus Kirch-G\u00f6ns<\/a><\/td>\n<\/tr>\n<tr class=\"row-29\">\n\t<td class=\"column-1\"><\/td><td class=\"column-2\">22.03.2024<\/td><td class=\"column-3\"><a href=\"http:\/\/875jahrekirchgoens.de\/?p=15218\" rel=\"noopener\" target=\"_blank\">Erneuerung der Dorfeingangsschilder<\/a><\/td>\n<\/tr>\n<tr class=\"row-30\">\n\t<td class=\"column-1\"><\/td><td class=\"column-2\">23.03.2024<\/td><td class=\"column-3\"><a href=\"http:\/\/875jahrekirchgoens.de\/?p=15283\" rel=\"noopener\" target=\"_blank\">Gedenken an verstorbene S\u00e4nger<\/a><\/td>\n<\/tr>\n<tr class=\"row-31\">\n\t<td class=\"column-1\"><\/td><td class=\"column-2\">26.03.2024<\/td><td class=\"column-3\"><a href=\"http:\/\/875jahrekirchgoens.de\/?p=15257\" rel=\"noopener\" target=\"_blank\">G\u00f6nser M\u00e4dche und G\u00f6nser Bub<\/a><\/td>\n<\/tr>\n<tr class=\"row-32\">\n\t<td class=\"column-1\"><\/td><td class=\"column-2\">26.03.2024<\/td><td class=\"column-3\"><a href=\"http:\/\/875jahrekirchgoens.de\/?p=15288\" rel=\"noopener\" target=\"_blank\">G\u00f6nser-Schule \u2013 F\u00f6rderverein tagt<\/a><\/td>\n<\/tr>\n<tr class=\"row-33\">\n\t<td class=\"column-1\"><\/td><td class=\"column-2\">26.03.2024<\/td><td class=\"column-3\"><a href=\"http:\/\/875jahrekirchgoens.de\/?p=15291\" rel=\"noopener\" target=\"_blank\">ABC-Club feiert 25-j\u00e4hriges<\/a><\/td>\n<\/tr>\n<tr class=\"row-34\">\n\t<td class=\"column-1\"><\/td><td class=\"column-2\">03.04.2024<\/td><td class=\"column-3\"><a href=\"http:\/\/875jahrekirchgoens.de\/?p=15280\" rel=\"noopener\" target=\"_blank\">Fanfarenzug reicht Handk\u00e4se<\/a><\/td>\n<\/tr>\n<tr class=\"row-35\">\n\t<td class=\"column-1\"><\/td><td class=\"column-2\">03.04.2024<\/td><td class=\"column-3\"><a href=\"http:\/\/875jahrekirchgoens.de\/?p=15277\" rel=\"noopener\" target=\"_blank\">Jagdgenossen tagen am Freitag<\/a><\/td>\n<\/tr>\n<tr class=\"row-36\">\n\t<td class=\"column-1\"><\/td><td class=\"column-2\">05.04.2024<\/td><td class=\"column-3\"><a href=\"http:\/\/875jahrekirchgoens.de\/?p=15272\" rel=\"noopener\" target=\"_blank\">Vor 100 Jahren wurde der Radfahrverein Wanderfalke Kirch-G\u00f6ns gegr\u00fcndet<\/a><\/td>\n<\/tr>\n<tr class=\"row-37\">\n\t<td class=\"column-1\"><\/td><td class=\"column-2\">05.04.2024<\/td><td class=\"column-3\"><a href=\"http:\/\/875jahrekirchgoens.de\/?p=15268\" rel=\"noopener\" target=\"_blank\">TV-Mitgliederversammlung<\/a><\/td>\n<\/tr>\n<tr class=\"row-38\">\n\t<td class=\"column-1\"><\/td><td class=\"column-2\">03.04.2024<\/td><td class=\"column-3\"><a href=\"http:\/\/875jahrekirchgoens.de\/?p=15320\" rel=\"noopener\" target=\"_blank\">Werfen, fangen, passen<\/a><\/td>\n<\/tr>\n<tr class=\"row-39\">\n\t<td class=\"column-1\"><\/td><td class=\"column-2\">06.04.2024<\/td><td class=\"column-3\"><a href=\"http:\/\/875jahrekirchgoens.de\/?p=15317\" rel=\"noopener\" target=\"_blank\">Ein Jahr voller Emotionen<\/a><\/td>\n<\/tr>\n<tr class=\"row-40\">\n\t<td class=\"column-1\"><\/td><td class=\"column-2\">12.04.2024<\/td><td class=\"column-3\"><a href=\"http:\/\/875jahrekirchgoens.de\/?p=15311\" rel=\"noopener\" target=\"_blank\">Kleider machen Leute<\/a><\/td>\n<\/tr>\n<tr class=\"row-41\">\n\t<td class=\"column-1\"><\/td><td class=\"column-2\">15.04.2024<\/td><td class=\"column-3\"><a href=\"http:\/\/875jahrekirchgoens.de\/?p=15411\" rel=\"noopener\" target=\"_blank\">WRC unternimmt Pfingstreise<\/a><\/td>\n<\/tr>\n<tr class=\"row-42\">\n\t<td class=\"column-1\"><\/td><td class=\"column-2\">17.04.2024<\/td><td class=\"column-3\"><a href=\"http:\/\/875jahrekirchgoens.de\/?p=15407\" rel=\"noopener\" target=\"_blank\">Tanzgruppe unternahm Wanderung<\/a><\/td>\n<\/tr>\n<tr class=\"row-43\">\n\t<td class=\"column-1\"><\/td><td class=\"column-2\">22.04.2024<\/td><td class=\"column-3\"><a href=\"http:\/\/875jahrekirchgoens.de\/?p=15395\" rel=\"noopener\" target=\"_blank\">1. Mai-Feier<\/a><\/td>\n<\/tr>\n<tr class=\"row-44\">\n\t<td class=\"column-1\"><\/td><td class=\"column-2\">25.04.2024<\/td><td class=\"column-3\"><a href=\"http:\/\/875jahrekirchgoens.de\/?p=15476\" rel=\"noopener\" target=\"_blank\">Gleich dreimal Silber<\/a><\/td>\n<\/tr>\n<tr class=\"row-45\">\n\t<td class=\"column-1\"><\/td><td class=\"column-2\">27.04.2024<\/td><td class=\"column-3\"><a href=\"http:\/\/875jahrekirchgoens.de\/?p=15403\" rel=\"noopener\" target=\"_blank\">Viele treue Sch\u00fctzen geehrt<\/a><\/td>\n<\/tr>\n<tr class=\"row-46\">\n\t<td class=\"column-1\"><\/td><td class=\"column-2\">28.05.2024<\/td><td class=\"column-3\"><a href=\"http:\/\/875jahrekirchgoens.de\/?p=15541\" rel=\"noopener\" target=\"_blank\">Fra\u00df der T-Rex vielleicht nur Aas?<\/a><\/td>\n<\/tr>\n<tr class=\"row-47\">\n\t<td class=\"column-1\"><\/td><td class=\"column-2\">30.04.2024<\/td><td class=\"column-3\"><a href=\"http:\/\/875jahrekirchgoens.de\/?p=15398\" rel=\"noopener\" target=\"_blank\">Ehrungsreigen beim TV Kirch-G\u00f6ns<\/a><\/td>\n<\/tr>\n<tr class=\"row-48\">\n\t<td class=\"column-1\"><\/td><td class=\"column-2\">02.05.2024<\/td><td class=\"column-3\"><a href=\"http:\/\/875jahrekirchgoens.de\/?p=15438\" rel=\"noopener\" target=\"_blank\">1.-Mai-Feier des TV Vorw\u00e4rts 1891 Kirch-G\u00f6ns<\/a><\/td>\n<\/tr>\n<tr class=\"row-49\">\n\t<td class=\"column-1\"><\/td><td class=\"column-2\">06.05.2024<\/td><td class=\"column-3\"><a href=\"http:\/\/875jahrekirchgoens.de\/?p=15435\" rel=\"noopener\" target=\"_blank\">Kleider machen Leute<\/a><\/td>\n<\/tr>\n<tr class=\"row-50\">\n\t<td class=\"column-1\"><\/td><td class=\"column-2\">18.05.2024<\/td><td class=\"column-3\"><a href=\"http:\/\/875jahrekirchgoens.de\/?p=15545\" rel=\"noopener\" target=\"_blank\">Let it Shine l\u00e4dt ein zum Weinfest<\/a><\/td>\n<\/tr>\n<tr class=\"row-51\">\n\t<td class=\"column-1\"><\/td><td class=\"column-2\">28.05.2024<\/td><td class=\"column-3\"><a href=\"http:\/\/875jahrekirchgoens.de\/?p=15536\" rel=\"noopener\" target=\"_blank\">Musikalische Erleuchtung zu Speis und Trank<\/a><\/td>\n<\/tr>\n<tr class=\"row-52\">\n\t<td class=\"column-1\"><\/td><td class=\"column-2\">31.05.2024<\/td><td class=\"column-3\"><a href=\"http:\/\/875jahrekirchgoens.de\/?p=15533\" rel=\"noopener\" target=\"_blank\">Kirch-G\u00f6nser Konfirmanden 2024<\/a><\/td>\n<\/tr>\n<tr class=\"row-53\">\n\t<td class=\"column-1\"><\/td><td class=\"column-2\">01.06.2024<\/td><td class=\"column-3\"><a href=\"http:\/\/875jahrekirchgoens.de\/?p=15529\" rel=\"noopener\" target=\"_blank\">875 Kirch-G\u00f6nser\/innen auf dem Sportplatz<\/a><\/td>\n<\/tr>\n<tr class=\"row-54\">\n\t<td class=\"column-1\"><\/td><td class=\"column-2\">03.06.2024<\/td><td class=\"column-3\"><a href=\"http:\/\/875jahrekirchgoens.de\/?p=15582\" rel=\"noopener\" target=\"_blank\">Anmeldung zum Mittagstisch<\/a><\/td>\n<\/tr>\n<tr class=\"row-55\">\n\t<td class=\"column-1\"><\/td><td class=\"column-2\">04.06.2024<\/td><td class=\"column-3\"><a href=\"http:\/\/875jahrekirchgoens.de\/?p=15578\" rel=\"noopener\" target=\"_blank\">K\u00f6nigsschie\u00dfen in Kirch-G\u00f6ns<\/a><\/td>\n<\/tr>\n<tr class=\"row-56\">\n\t<td class=\"column-1\"><\/td><td class=\"column-2\">07.06.2024<\/td><td class=\"column-3\"><a href=\"http:\/\/875jahrekirchgoens.de\/?p=15575\" rel=\"noopener\" target=\"_blank\">Chronikarbeit von Kirch-G\u00f6ns schreitet voran<\/a><\/td>\n<\/tr>\n<tr class=\"row-57\">\n\t<td class=\"column-1\"><\/td><td class=\"column-2\">14.06.2024<\/td><td class=\"column-3\"><a href=\"http:\/\/875jahrekirchgoens.de\/?p=15571\" rel=\"noopener\" target=\"_blank\">Iris Wolski ist K\u00f6nigin<\/a><\/td>\n<\/tr>\n<tr class=\"row-58\">\n\t<td class=\"column-1\"><\/td><td class=\"column-2\">15.06.2024<\/td><td class=\"column-3\"><a href=\"http:\/\/875jahrekirchgoens.de\/?p=15558\" rel=\"noopener\" target=\"_blank\">Neuer Willkommensgru\u00df in Kirch-G\u00f6ns<\/a><\/td>\n<\/tr>\n<tr class=\"row-59\">\n\t<td class=\"column-1\"><\/td><td class=\"column-2\">18.06.2024<\/td><td class=\"column-3\"><a href=\"http:\/\/875jahrekirchgoens.de\/?p=15567\">Starke Stimme im Norden<\/a><\/td>\n<\/tr>\n<tr class=\"row-60\">\n\t<td class=\"column-1\"><\/td><td class=\"column-2\">24.06.2024<\/td><td class=\"column-3\"><a href=\"http:\/\/875jahrekirchgoens.de\/?p=15562\" rel=\"noopener\" target=\"_blank\">Unser Dorf hat Zukunft<\/a><\/td>\n<\/tr>\n<tr class=\"row-61\">\n\t<td class=\"column-1\"><\/td><td class=\"column-2\">01.07.2024<\/td><td class=\"column-3\"><a href=\"http:\/\/875jahrekirchgoens.de\/?p=15587\" rel=\"noopener\" target=\"_blank\">Fahrt mit Nerobergbahn\u00b7 ein Erlebnis<\/a><\/td>\n<\/tr>\n<tr class=\"row-62\">\n\t<td class=\"column-1\"><\/td><td class=\"column-2\">04.07.2024<\/td><td class=\"column-3\"><a href=\"http:\/\/875jahrekirchgoens.de\/?p=15591\" rel=\"noopener\" target=\"_blank\">Heimat gefunden<\/a><\/td>\n<\/tr>\n<tr class=\"row-63\">\n\t<td class=\"column-1\"><\/td><td class=\"column-2\">06.07.2024<\/td><td class=\"column-3\"><a href=\"http:\/\/875jahrekirchgoens.de\/?p=15624\" rel=\"noopener\" target=\"_blank\">Geld f\u00fcr Kirch-G\u00f6ns<\/a><\/td>\n<\/tr>\n<tr class=\"row-64\">\n\t<td class=\"column-1\"><\/td><td class=\"column-2\">11.07.2024<\/td><td class=\"column-3\"><a href=\"http:\/\/875jahrekirchgoens.de\/?p=15627\" rel=\"noopener\" target=\"_blank\">Feuer, Feuer!<\/a><\/td>\n<\/tr>\n<tr class=\"row-65\">\n\t<td class=\"column-1\"><\/td><td class=\"column-2\">15.07.2024<\/td><td class=\"column-3\"><a href=\"http:\/\/875jahrekirchgoens.de\/?p=15631\" rel=\"noopener\" target=\"_blank\">Festschrift zum 50j\u00e4hrigen der Freiwilligen Feuerwehr Kirch-G\u00f6ns gesucht<\/a><\/td>\n<\/tr>\n<tr class=\"row-66\">\n\t<td class=\"column-1\"><\/td><td class=\"column-2\">16.07.2024<\/td><td class=\"column-3\"><a href=\"http:\/\/875jahrekirchgoens.de\/?p=15604\" rel=\"noopener\" target=\"_blank\">Jubil\u00e4umsschilder f\u00fcr Kirch-G\u00f6nser Kindergarten und GGS<\/a><\/td>\n<\/tr>\n<tr class=\"row-67\">\n\t<td class=\"column-1\"><\/td><td class=\"column-2\">25.07.2024<\/td><td class=\"column-3\"><a href=\"http:\/\/875jahrekirchgoens.de\/?p=15731\" rel=\"noopener\" target=\"_blank\">Let it Shine in Oppenheim<\/a><\/td>\n<\/tr>\n<tr class=\"row-68\">\n\t<td class=\"column-1\"><\/td><td class=\"column-2\">29.07.2024<\/td><td class=\"column-3\"><a href=\"http:\/\/875jahrekirchgoens.de\/?p=15734\" rel=\"noopener\" target=\"_blank\">Schirmherr William Thum freut sich auf viele Teilnehmer<\/a><\/td>\n<\/tr>\n<tr class=\"row-69\">\n\t<td class=\"column-1\"><\/td><td class=\"column-2\">26.08.2024<\/td><td class=\"column-3\"><a href=\"http:\/\/875jahrekirchgoens.de\/?p=15684\" rel=\"noopener\" target=\"_blank\">Gro\u00df-Event in Kirch-G\u00f6ns<\/a><\/td>\n<\/tr>\n<tr class=\"row-70\">\n\t<td class=\"column-1\"><\/td><td class=\"column-2\">31.08.2024<\/td><td class=\"column-3\"><a href=\"http:\/\/875jahrekirchgoens.de\/?p=15694\" rel=\"noopener\" target=\"_blank\">Viele Menschen auf dem Sportplatz<\/a><\/td>\n<\/tr>\n<tr class=\"row-71\">\n\t<td class=\"column-1\"><\/td><td class=\"column-2\">03.09.2024<\/td><td class=\"column-3\"><a href=\"http:\/\/875jahrekirchgoens.de\/?p=15737\" rel=\"noopener\" target=\"_blank\">Mittagstisch in Kirch-G\u00f6ns<\/a><\/td>\n<\/tr>\n<tr class=\"row-72\">\n\t<td class=\"column-1\"><\/td><td class=\"column-2\">08.09.2024<\/td><td class=\"column-3\"><a href=\"http:\/\/875jahrekirchgoens.de\/?p=15706\" rel=\"noopener\" target=\"_blank\">55 Jahre Kirch-G\u00f6nser Wappen<\/a><\/td>\n<\/tr>\n<tr class=\"row-73\">\n\t<td class=\"column-1\"><\/td><td class=\"column-2\">18.09.2024<\/td><td class=\"column-3\"><a href=\"http:\/\/875jahrekirchgoens.de\/?p=15742\" rel=\"noopener\" target=\"_blank\">Fast 50 Jahre<\/a><\/td>\n<\/tr>\n<tr class=\"row-74\">\n\t<td class=\"column-1\"><\/td><td class=\"column-2\">21.09.2024<\/td><td class=\"column-3\"><a href=\"http:\/\/875jahrekirchgoens.de\/?p=15739\" rel=\"noopener\" target=\"_blank\">K\u00fcnftig mehr Privatsph\u00e4re<\/a><\/td>\n<\/tr>\n<tr class=\"row-75\">\n\t<td class=\"column-1\"><\/td><td class=\"column-2\">24.09.2024<\/td><td class=\"column-3\"><a href=\"http:\/\/875jahrekirchgoens.de\/?p=15745\" rel=\"noopener\" target=\"_blank\">Attraktive und lebenswerte D\u00f6rfer<\/a><\/td>\n<\/tr>\n<tr class=\"row-76\">\n\t<td class=\"column-1\"><\/td><td class=\"column-2\">24.09.2024<\/td><td class=\"column-3\"><a href=\"http:\/\/875jahrekirchgoens.de\/?p=15748\" rel=\"noopener\" target=\"_blank\">Gospelgottesdienst um 5<\/a><\/td>\n<\/tr>\n<tr class=\"row-77\">\n\t<td class=\"column-1\"><\/td><td class=\"column-2\">26.09.2024<\/td><td class=\"column-3\"><a href=\"http:\/\/875jahrekirchgoens.de\/?p=15751\" rel=\"noopener\" target=\"_blank\">Feuerwehr sichert sich den Ortspokal<\/a><\/td>\n<\/tr>\n<tr class=\"row-78\">\n\t<td class=\"column-1\"><\/td><td class=\"column-2\">26.09.2024<\/td><td class=\"column-3\"><a href=\"http:\/\/875jahrekirchgoens.de\/?p=15754\" rel=\"noopener\" target=\"_blank\">Jubil\u00e4umspartner herzlich willkommen<\/a><\/td>\n<\/tr>\n<tr class=\"row-79\">\n\t<td class=\"column-1\"><\/td><td class=\"column-2\">22.10.2024<\/td><td class=\"column-3\"><a href=\"http:\/\/875jahrekirchgoens.de\/?p=15794\" rel=\"noopener\" target=\"_blank\">Einbruchsversuch: Fahrrad gestohlen<\/a><\/td>\n<\/tr>\n<tr class=\"row-80\">\n\t<td class=\"column-1\"><\/td><td class=\"column-2\">22.10.2024<\/td><td class=\"column-3\"><a href=\"http:\/\/875jahrekirchgoens.de\/?p=15796\" rel=\"noopener\" target=\"_blank\">Vollsperrung der Bahnhofstra\u00dfe<\/a><\/td>\n<\/tr>\n<tr class=\"row-81\">\n\t<td class=\"column-1\"><\/td><td class=\"column-2\">23.10.2024<\/td><td class=\"column-3\"><a href=\"http:\/\/875jahrekirchgoens.de\/?p=15798\" rel=\"noopener\" target=\"_blank\">Kinder entdecken die Kelterei<\/a><\/td>\n<\/tr>\n<tr class=\"row-82\">\n\t<td class=\"column-1\"><\/td><td class=\"column-2\">02.11.2024<\/td><td class=\"column-3\"><a href=\"http:\/\/875jahrekirchgoens.de\/?p=15802\" rel=\"noopener\" target=\"_blank\">Junge Experten werden geh\u00f6rt<\/a><\/td>\n<\/tr>\n<tr class=\"row-83\">\n\t<td class=\"column-1\"><\/td><td class=\"column-2\">02.11.2024<\/td><td class=\"column-3\"><a href=\"http:\/\/875jahrekirchgoens.de\/?p=15805\" rel=\"noopener\" target=\"_blank\">Viel Spa\u00df mit K\u00fcrbissen<\/a><\/td>\n<\/tr>\n<tr class=\"row-84\">\n\t<td class=\"column-1\"><\/td><td class=\"column-2\">04.11.2024<\/td><td class=\"column-3\"><a href=\"http:\/\/875jahrekirchgoens.de\/?p=15808\" rel=\"noopener\" target=\"_blank\">Anmeldung zum Mittagstisch<\/a><\/td>\n<\/tr>\n<tr class=\"row-85\">\n\t<td class=\"column-1\"><\/td><td class=\"column-2\">08.11.2024<\/td><td class=\"column-3\"><a href=\"http:\/\/875jahrekirchgoens.de\/?p=15810\" rel=\"noopener\" target=\"_blank\">Abrissarbeiten in Kirch-G\u00f6ns<\/a><\/td>\n<\/tr>\n<tr class=\"row-86\">\n\t<td class=\"column-1\"><\/td><td class=\"column-2\">08.11.2024<\/td><td class=\"column-3\"><a href=\"http:\/\/875jahrekirchgoens.de\/?p=15813\" rel=\"noopener\" target=\"_blank\">Lichter-Abend in Kirch-G\u00f6ns<\/a><\/td>\n<\/tr>\n<tr class=\"row-87\">\n\t<td class=\"column-1\"><\/td><td class=\"column-2\">12.11.2024<\/td><td class=\"column-3\"><a href=\"http:\/\/875jahrekirchgoens.de\/?p=15815\" rel=\"noopener\" target=\"_blank\">Sprengung in Kirch-G\u00f6ns<\/a><\/td>\n<\/tr>\n<tr class=\"row-88\">\n\t<td class=\"column-1\"><\/td><td class=\"column-2\">14.11.2024<\/td><td class=\"column-3\"><a href=\"http:\/\/875jahrekirchgoens.de\/?p=15817\" rel=\"noopener\" target=\"_blank\">Kirch-G\u00f6nser Expertise in Arabien<\/a><\/td>\n<\/tr>\n<tr class=\"row-89\">\n\t<td class=\"column-1\"><\/td><td class=\"column-2\">22.11.2024<\/td><td class=\"column-3\"><a href=\"http:\/\/875jahrekirchgoens.de\/?p=15820\" rel=\"noopener\" target=\"_blank\">Schalet oder Schales, was ist das denn?<\/a><\/td>\n<\/tr>\n<tr class=\"row-90\">\n\t<td class=\"column-1\"><\/td><td class=\"column-2\">25.11.2024<\/td><td class=\"column-3\"><a href=\"http:\/\/875jahrekirchgoens.de\/?p=15826\" rel=\"noopener\" target=\"_blank\">Weihnachtsbaum f\u00fcr Kita Sonnenschein<\/a><\/td>\n<\/tr>\n<tr class=\"row-91\">\n\t<td class=\"column-1\"><\/td><td class=\"column-2\">30.11.2024<\/td><td class=\"column-3\"><a href=\"http:\/\/875jahrekirchgoens.de\/?p=15829\" rel=\"noopener\" target=\"_blank\">Baum ist da<\/a><\/td>\n<\/tr>\n<tr class=\"row-92\">\n\t<td class=\"column-1\"><\/td><td class=\"column-2\">04.12.2024<\/td><td class=\"column-3\"><a href=\"http:\/\/875jahrekirchgoens.de\/?p=15832\" rel=\"noopener\" target=\"_blank\">Nachmittag f\u00fcr Senioren<\/a><\/td>\n<\/tr>\n<tr class=\"row-93\">\n\t<td class=\"column-1\"><\/td><td class=\"column-2\">06.12.2024<\/td><td class=\"column-3\"><a href=\"http:\/\/875jahrekirchgoens.de\/?p=15834\" rel=\"noopener\" target=\"_blank\">Dank an Elektrik-Experten<\/a><\/td>\n<\/tr>\n<tr class=\"row-94\">\n\t<td class=\"column-1\"><\/td><td class=\"column-2\">07.12.2024<\/td><td class=\"column-3\"><a href=\"http:\/\/875jahrekirchgoens.de\/?p=15837\" rel=\"noopener\" target=\"_blank\">Adventsradio auf Sendung<\/a><\/td>\n<\/tr>\n<tr class=\"row-95\">\n\t<td class=\"column-1\"><\/td><td class=\"column-2\">11.12.2024<\/td><td class=\"column-3\"><a href=\"http:\/\/875jahrekirchgoens.de\/?p=15840\" rel=\"noopener\" target=\"_blank\">Kirch-G\u00f6ns wandert mit Jung und Alt ins Jubil\u00e4umsjahr<\/a><\/td>\n<\/tr>\n<tr class=\"row-96\">\n\t<td class=\"column-1\"><\/td><td class=\"column-2\">11.12.2024<\/td><td class=\"column-3\"><a href=\"http:\/\/875jahrekirchgoens.de\/?p=16032\" rel=\"noopener\" target=\"_blank\">Kirch-G\u00f6ns wandert mit Jung und Alt ins Jubil\u00e4umsjahr<\/a><\/td>\n<\/tr>\n<tr class=\"row-97\">\n\t<td class=\"column-1\"><\/td><td class=\"column-2\">14.12.2024<\/td><td class=\"column-3\"><a href=\"http:\/\/875jahrekirchgoens.de\/?p=15977\" rel=\"noopener\" target=\"_blank\">Gemeinsam und miteinander<\/a><\/td>\n<\/tr>\n<tr class=\"row-98\">\n\t<td class=\"column-1\"><\/td><td class=\"column-2\">19.12.2024<\/td><td class=\"column-3\"><a href=\"http:\/\/875jahrekirchgoens.de\/?p=16038\" rel=\"noopener\" target=\"_blank\">Erstkl\u00e4ssler schm\u00fcckten Baum<\/a><\/td>\n<\/tr>\n<tr class=\"row-99\">\n\t<td class=\"column-1\"><\/td><td class=\"column-2\">19.12.2024<\/td><td class=\"column-3\"><a href=\"http:\/\/875jahrekirchgoens.de\/?p=16041\" rel=\"noopener\" target=\"_blank\">Ein Tag mit vollem Programm<\/a><\/td>\n<\/tr>\n<tr class=\"row-100\">\n\t<td class=\"column-1\"><\/td><td class=\"column-2\">20.12.2024<\/td><td class=\"column-3\"><a href=\"http:\/\/875jahrekirchgoens.de\/?p=16138\" rel=\"noopener\" target=\"_blank\">Schwungvoller Auftritt<\/a><\/td>\n<\/tr>\n<tr class=\"row-101\">\n\t<td class=\"column-1\"><\/td><td class=\"column-2\">20.12.2024<\/td><td class=\"column-3\"><a href=\"http:\/\/875jahrekirchgoens.de\/?p=16035\" rel=\"noopener\" target=\"_blank\">Eintrittskarten zum Jubil\u00e4umswochenende<\/a><\/td>\n<\/tr>\n<tr class=\"row-102\">\n\t<td class=\"column-1\"><\/td><td class=\"column-2\">21.12.2024<\/td><td class=\"column-3\"><a href=\"http:\/\/875jahrekirchgoens.de\/?p=16141\" rel=\"noopener\" target=\"_blank\">Nikolaus \u00fcberrascht G\u00e4ste<\/a><\/td>\n<\/tr>\n<tr class=\"row-103\">\n\t<td class=\"column-1\"><\/td><td class=\"column-2\">23.12.2024<\/td><td class=\"column-3\"><a href=\"http:\/\/875jahrekirchgoens.de\/?p=16168\" rel=\"noopener\" target=\"_blank\">Let it shine folgt Tradition<\/a><\/td>\n<\/tr>\n<tr class=\"row-104\">\n\t<td class=\"column-1\"><\/td><td class=\"column-2\">30.12.2024<\/td><td class=\"column-3\"><a href=\"http:\/\/875jahrekirchgoens.de\/?p=16165\" rel=\"noopener\" target=\"_blank\">Anmeldung zum Mittagstisch<\/a><\/td>\n<\/tr>\n<tr class=\"row-105\">\n\t<td class=\"column-1\"><\/td><td class=\"column-2\">31.12.2024<\/td><td class=\"column-3\"><a href=\"http:\/\/875jahrekirchgoens.de\/?p=16161\" rel=\"noopener\" target=\"_blank\">Traktor geklaut und wieder aufgetaucht<\/a><\/td>\n<\/tr>\n<\/tbody>\n<\/table>\n<!-- #tablepress-5 from cache -->","protected":false},"excerpt":{"rendered":"","protected":false},"author":1,"featured_media":0,"parent":13472,"menu_order":0,"comment_status":"closed","ping_status":"closed","template":"","meta":{"footnotes":""},"class_list":["post-15937","page","type-page","status-publish"],"_links":{"self":[{"href":"http:\/\/875jahrekirchgoens.de\/index.php?rest_route=\/wp\/v2\/pages\/15937","targetHints":{"allow":["GET"]}}],"collection":[{"href":"http:\/\/875jahrekirchgoens.de\/index.php?rest_route=\/wp\/v2\/pages"}],"about":[{"href":"http:\/\/875jahrekirchgoens.de\/index.php?rest_route=\/wp\/v2\/types\/page"}],"author":[{"embeddable":true,"href":"http:\/\/875jahrekirchgoens.de\/index.php?rest_route=\/wp\/v2\/users\/1"}],"replies":[{"embeddable":true,"href":"http:\/\/875jahrekirchgoens.de\/index.php?rest_route=%2Fwp%2Fv2%2Fcomments&post=15937"}],"version-history":[{"count":1,"href":"http:\/\/875jahrekirchgoens.de\/index.php?rest_route=\/wp\/v2\/pages\/15937\/revisions"}],"predecessor-version":[{"id":15938,"href":"http:\/\/875jahrekirchgoens.de\/index.php?rest_route=\/wp\/v2\/pages\/15937\/revisions\/15938"}],"up":[{"embeddable":true,"href":"http:\/\/875jahrekirchgoens.de\/index.php?rest_route=\/wp\/v2\/pages\/13472"}],"wp:attachment":[{"href":"http:\/\/875jahrekirchgoens.de\/index.php?rest_route=%2Fwp%2Fv2%2Fmedia&parent=15937"}],"curies":[{"name":"wp","href":"https:\/\/api.w.org\/{rel}","templated":true}]}}